{"id":23480,"date":"2024-02-23T16:32:10","date_gmt":"2024-02-23T15:32:10","guid":{"rendered":"https:\/\/maria.tk\/?page_id=23480"},"modified":"2025-02-06T16:06:33","modified_gmt":"2025-02-06T15:06:33","slug":"mostre-per-localitas","status":"publish","type":"page","link":"https:\/\/santamariadellerose.art\/it\/mostre\/mostre-per-localitas\/","title":{"rendered":"Mostre per Localit\u00e0"},"content":{"rendered":"\t\t<div data-elementor-type=\"wp-page\" data-elementor-id=\"23480\" class=\"elementor elementor-23480\" data-elementor-post-type=\"page\">\n\t\t\t\t\t\t<section class=\"elementor-section elementor-top-section elementor-element elementor-element-e23828d elementor-section-full_width elementor-section-content-middle elementor-section-height-min-height elementor-section-height-default elementor-section-items-middle\" data-id=\"e23828d\" data-element_type=\"section\" data-settings=\"{&quot;background_background&quot;:&quot;classic&quot;,&quot;jet_parallax_layout_list&quot;:[]}\">\n\t\t\t\t\t\t\t<div class=\"elementor-background-overlay\"><\/div>\n\t\t\t\t\t\t\t<div class=\"elementor-container elementor-column-gap-default\">\n\t\t\t\t\t<div class=\"elementor-column elementor-col-100 elementor-top-column elementor-element elementor-element-a7a2d0f\" data-id=\"a7a2d0f\" data-element_type=\"column\">\n\t\t\t<div class=\"elementor-widget-wrap\">\n\t\t\t\t\t\t\t<\/div>\n\t\t<\/div>\n\t\t\t\t\t<\/div>\n\t\t<\/section>\n\t\t\t\t<section class=\"elementor-section elementor-top-section elementor-element elementor-element-c5850c6 elementor-section-full_width elementor-section-content-middle elementor-section-height-default elementor-section-height-default\" data-id=\"c5850c6\" data-element_type=\"section\" data-settings=\"{&quot;background_background&quot;:&quot;classic&quot;,&quot;jet_parallax_layout_list&quot;:[]}\">\n\t\t\t\t\t\t\t<div class=\"elementor-background-overlay\"><\/div>\n\t\t\t\t\t\t\t<div class=\"elementor-container elementor-column-gap-default\">\n\t\t\t\t\t<div class=\"elementor-column elementor-col-100 elementor-top-column elementor-element elementor-element-2f43d7d\" data-id=\"2f43d7d\" data-element_type=\"column\">\n\t\t\t<div class=\"elementor-widget-wrap elementor-element-populated\">\n\t\t\t\t\t\t<div class=\"elementor-element elementor-element-368d71b animated-slow elementor-invisible elementor-widget elementor-widget-text-editor\" data-id=\"368d71b\" data-element_type=\"widget\" data-settings=\"{&quot;_animation&quot;:&quot;zoomIn&quot;,&quot;_animation_delay&quot;:100}\" data-widget_type=\"text-editor.default\">\n\t\t\t\t<div class=\"elementor-widget-container\">\n\t\t\t\t\t\t\t\t\t<h1><span style=\"font-family: inherit; font-style: inherit; color: var( --e-global-color-secondary );\">Mostre per Localit\u00e0<\/span><\/h1>\n\t\t\t\t\t\t\t\t<\/div>\n\t\t\t\t<\/div>\n\t\t\t\t<div class=\"elementor-element elementor-element-b929cf9 elementor-widget elementor-widget-toggle\" data-id=\"b929cf9\" data-element_type=\"widget\" data-widget_type=\"toggle.default\">\n\t\t\t\t<div class=\"elementor-widget-container\">\n\t\t\t\t\t\t\t<div class=\"elementor-toggle\">\n\t\t\t\t\t\t\t<div class=\"elementor-toggle-item\">\n\t\t\t\t\t<h3 id=\"elementor-tab-title-1941\" class=\"elementor-tab-title\" data-tab=\"1\" role=\"button\" aria-controls=\"elementor-tab-content-1941\" aria-expanded=\"false\">\n\t\t\t\t\t\t\t\t\t\t\t\t<span class=\"elementor-toggle-icon elementor-toggle-icon-left\" aria-hidden=\"true\">\n\t\t\t\t\t\t\t\t\t\t\t\t\t\t\t<span class=\"elementor-toggle-icon-closed\"><i class=\"fas fa-caret-right\"><\/i><\/span>\n\t\t\t\t\t\t\t\t<span class=\"elementor-toggle-icon-opened\"><i class=\"elementor-toggle-icon-opened fas fa-caret-up\"><\/i><\/span>\n\t\t\t\t\t\t\t\t\t\t\t\t\t<\/span>\n\t\t\t\t\t\t\t\t\t\t\t\t<a class=\"elementor-toggle-title\" tabindex=\"0\">Austria<\/a>\n\t\t\t\t\t<\/h3>\n\n\t\t\t\t\t<div id=\"elementor-tab-content-1941\" class=\"elementor-tab-content elementor-clearfix\" data-tab=\"1\" role=\"region\" aria-labelledby=\"elementor-tab-title-1941\"><table width=\"100%\">\n<tbody>\n<tr>\n<td width=\"30%\">Innsbruck<\/td>\n<td width=\"70%\"><strong><a href=\"https:\/\/santamariadellerose.art\/exhibitions\/jesuitenkirche-innsbruck-2021\/\">Jesuit Church of the University<\/a><\/strong> &#8211; PERMANENT | 2021<\/td>\n<\/tr>\n<\/tbody>\n<\/table>\n<\/div>\n\t\t\t\t<\/div>\n\t\t\t\t\t\t\t<div class=\"elementor-toggle-item\">\n\t\t\t\t\t<h3 id=\"elementor-tab-title-1942\" class=\"elementor-tab-title\" data-tab=\"2\" role=\"button\" aria-controls=\"elementor-tab-content-1942\" aria-expanded=\"false\">\n\t\t\t\t\t\t\t\t\t\t\t\t<span class=\"elementor-toggle-icon elementor-toggle-icon-left\" aria-hidden=\"true\">\n\t\t\t\t\t\t\t\t\t\t\t\t\t\t\t<span class=\"elementor-toggle-icon-closed\"><i class=\"fas fa-caret-right\"><\/i><\/span>\n\t\t\t\t\t\t\t\t<span class=\"elementor-toggle-icon-opened\"><i class=\"elementor-toggle-icon-opened fas fa-caret-up\"><\/i><\/span>\n\t\t\t\t\t\t\t\t\t\t\t\t\t<\/span>\n\t\t\t\t\t\t\t\t\t\t\t\t<a class=\"elementor-toggle-title\" tabindex=\"0\">Repubblica Ceca<\/a>\n\t\t\t\t\t<\/h3>\n\n\t\t\t\t\t<div id=\"elementor-tab-content-1942\" class=\"elementor-tab-content elementor-clearfix\" data-tab=\"2\" role=\"region\" aria-labelledby=\"elementor-tab-title-1942\"><table width=\"100%\">\n<tbody>\n<tr>\n<td width=\"30%\">Praha<\/td>\n<td width=\"70%\"><strong><a href=\"https:\/\/santamariadellerose.art\/exhibitions\/our-lady-of-the-snow-prague-2015\/\">Church of Panna Maria Sn\u011b\u017en\u00e1<\/a><\/strong> &#8211; PERMANENT | 2015<\/td>\n<\/tr>\n<\/tbody>\n<\/table>\n<\/div>\n\t\t\t\t<\/div>\n\t\t\t\t\t\t\t<div class=\"elementor-toggle-item\">\n\t\t\t\t\t<h3 id=\"elementor-tab-title-1943\" class=\"elementor-tab-title\" data-tab=\"3\" role=\"button\" aria-controls=\"elementor-tab-content-1943\" aria-expanded=\"false\">\n\t\t\t\t\t\t\t\t\t\t\t\t<span class=\"elementor-toggle-icon elementor-toggle-icon-left\" aria-hidden=\"true\">\n\t\t\t\t\t\t\t\t\t\t\t\t\t\t\t<span class=\"elementor-toggle-icon-closed\"><i class=\"fas fa-caret-right\"><\/i><\/span>\n\t\t\t\t\t\t\t\t<span class=\"elementor-toggle-icon-opened\"><i class=\"elementor-toggle-icon-opened fas fa-caret-up\"><\/i><\/span>\n\t\t\t\t\t\t\t\t\t\t\t\t\t<\/span>\n\t\t\t\t\t\t\t\t\t\t\t\t<a class=\"elementor-toggle-title\" tabindex=\"0\">Germania<\/a>\n\t\t\t\t\t<\/h3>\n\n\t\t\t\t\t<div id=\"elementor-tab-content-1943\" class=\"elementor-tab-content elementor-clearfix\" data-tab=\"3\" role=\"region\" aria-labelledby=\"elementor-tab-title-1943\"><table width=\"100%\">\n<tbody>\n<tr>\n<td width=\"30%\">Bonlanden<\/td>\n<td width=\"70%\"><strong><a href=\"https:\/\/santamariadellerose.art\/exhibitions\/franziskanerinnen-kloster-bonlanden-2021\/\">Franciscan Convent<\/a><\/strong> &#8211; PERMANENT | 2021<\/td>\n<\/tr>\n<tr>\n<td width=\"30%\">Frankfurt<\/td>\n<td width=\"70%\"><a href=\"https:\/\/santamariadellerose.art\/exhibitions\/alte-nikolaikirche-frankfurt-am-main-2001\/\"><strong>Lutheran Church of Alte Nicolaikirche<\/strong><\/a> | 2001<\/td>\n<\/tr>\n<tr>\n<td width=\"30%\">Ludwigshafen<\/td>\n<td width=\"70%\"><strong><a href=\"https:\/\/santamariadellerose.art\/exhibitions\/enrich-pesch-haus-ludwigshafen-2003-04\/\">Chapel of Enrich Pesch Haus<\/a><\/strong> | 2003<\/td>\n<\/tr>\n<tr>\n<td width=\"30%\">Osnabr\u00fcck<\/td>\n<td width=\"70%\"><strong><a href=\"https:\/\/santamariadellerose.art\/exhibitions\/cathedral-von-osnabruck-osnabruck-2010\/\">Cathedral<\/a><\/strong> | 2010<\/td>\n<\/tr>\n<\/tbody>\n<\/table>\n<\/div>\n\t\t\t\t<\/div>\n\t\t\t\t\t\t\t<div class=\"elementor-toggle-item\">\n\t\t\t\t\t<h3 id=\"elementor-tab-title-1944\" class=\"elementor-tab-title\" data-tab=\"4\" role=\"button\" aria-controls=\"elementor-tab-content-1944\" aria-expanded=\"false\">\n\t\t\t\t\t\t\t\t\t\t\t\t<span class=\"elementor-toggle-icon elementor-toggle-icon-left\" aria-hidden=\"true\">\n\t\t\t\t\t\t\t\t\t\t\t\t\t\t\t<span class=\"elementor-toggle-icon-closed\"><i class=\"fas fa-caret-right\"><\/i><\/span>\n\t\t\t\t\t\t\t\t<span class=\"elementor-toggle-icon-opened\"><i class=\"elementor-toggle-icon-opened fas fa-caret-up\"><\/i><\/span>\n\t\t\t\t\t\t\t\t\t\t\t\t\t<\/span>\n\t\t\t\t\t\t\t\t\t\t\t\t<a class=\"elementor-toggle-title\" tabindex=\"0\">Francia<\/a>\n\t\t\t\t\t<\/h3>\n\n\t\t\t\t\t<div id=\"elementor-tab-content-1944\" class=\"elementor-tab-content elementor-clearfix\" data-tab=\"4\" role=\"region\" aria-labelledby=\"elementor-tab-title-1944\"><table width=\"100%\">\n<tbody>\n<tr>\n<td width=\"30%\">Menton<\/td>\n<td width=\"70%\"><strong><a href=\"https:\/\/santamariadellerose.art\/it\/mostre\/biennale-d-arte-sacra-contemporanea-bacs-2023\/\">Biennal of Contemporary Sacred Art<\/a><\/strong> | 2023<\/td>\n<\/tr>\n<tr>\n<td width=\"30%\">Paris<\/td>\n<td width=\"70%\"><strong><a href=\"https:\/\/santamariadellerose.art\/exhibitions\/saint-sulpice-paris-2004\/\">Church of Saint Sulpice<\/a><\/strong> | 2004<\/td>\n<\/tr>\n<\/tbody>\n<\/table>\n<\/div>\n\t\t\t\t<\/div>\n\t\t\t\t\t\t\t<div class=\"elementor-toggle-item\">\n\t\t\t\t\t<h3 id=\"elementor-tab-title-1945\" class=\"elementor-tab-title\" data-tab=\"5\" role=\"button\" aria-controls=\"elementor-tab-content-1945\" aria-expanded=\"false\">\n\t\t\t\t\t\t\t\t\t\t\t\t<span class=\"elementor-toggle-icon elementor-toggle-icon-left\" aria-hidden=\"true\">\n\t\t\t\t\t\t\t\t\t\t\t\t\t\t\t<span class=\"elementor-toggle-icon-closed\"><i class=\"fas fa-caret-right\"><\/i><\/span>\n\t\t\t\t\t\t\t\t<span class=\"elementor-toggle-icon-opened\"><i class=\"elementor-toggle-icon-opened fas fa-caret-up\"><\/i><\/span>\n\t\t\t\t\t\t\t\t\t\t\t\t\t<\/span>\n\t\t\t\t\t\t\t\t\t\t\t\t<a class=\"elementor-toggle-title\" tabindex=\"0\">Italia<\/a>\n\t\t\t\t\t<\/h3>\n\n\t\t\t\t\t<div id=\"elementor-tab-content-1945\" class=\"elementor-tab-content elementor-clearfix\" data-tab=\"5\" role=\"region\" aria-labelledby=\"elementor-tab-title-1945\"><table width=\"100%\">\n<tbody>\n<tr>\n<td width=\"30%\">Assisi<\/td>\n<td width=\"70%\"><strong><a href=\"https:\/\/santamariadellerose.art\/exhibitions\/museo-diocesano-assisi-2017\/\">Diocesan Museum<\/a><\/strong> &#8211; PERMANENT | 2017<br \/><a href=\"https:\/\/santamariadellerose.art\/it\/mostre\/museo-diocesano-cripta-san-rufino-assisi-2023\/\"><strong>Diocesan Museum<\/strong><\/a> | 2023<br \/><strong><a href=\"https:\/\/santamariadellerose.art\/exhibitions\/cathedral-of-san-rufino-assis-2003\/\">Cathedral <\/a><\/strong>| 2003<br \/><strong><a href=\"https:\/\/santamariadellerose.art\/exhibitions\/santa-maria-delle-rose-assisi-2000\/\">Church of Santa Maria delle Rose<\/a><\/strong> | 2000<br \/><a href=\"https:\/\/santamariadellerose.art\/it\/assisi\/\">Church of Santa Maria delle Rose<\/a> &#8211; PERMANENT | 2002<br \/><strong><a href=\"https:\/\/santamariadellerose.art\/exhibitions\/st-francis-assisi-2004\/\">Lower Basilica of San Francesco<\/a><\/strong> | 2004<br \/><strong><a href=\"https:\/\/santamariadellerose.art\/exhibitions\/basilica-superiore-san-francesco-assisi-2007\/\">Upper Basilica of San Francesco<\/a><\/strong> | 2007<\/td>\n<\/tr>\n<tr>\n<td width=\"30%\">Firenze<\/td>\n<td width=\"70%\"><strong><a href=\"https:\/\/santamariadellerose.art\/exhibitions\/meyer-children-hospital-firenze-2017\/\">Meyer Children Hospital<\/a><\/strong> &#8211; PERMANENT | 2017<\/td>\n<\/tr>\n<tr>\n<td width=\"30%\">Lampedusa<\/td>\n<td width=\"70%\"><strong><a href=\"https:\/\/santamariadellerose.art\/exhibitions\/policlinico-lampedusa-2017\/\">Polyclinic<\/a><\/strong> &#8211; PERMANENT | 2017<\/td>\n<\/tr>\n<tr>\n<td width=\"30%\">Mezzago, Milano<\/td>\n<td width=\"70%\"><strong><a href=\"https:\/\/santamariadellerose.art\/exhibitions\/chiesetta-di-san-girolamo-exhibition-2003\/\">Church of San Girolamo<\/a><\/strong> | 2003<\/td>\n<\/tr>\n<tr>\n<td width=\"30%\">Roma<\/td>\n<td width=\"70%\"><strong><a href=\"https:\/\/santamariadellerose.art\/exhibitions\/san-clemente-rome-exhibition-2000\/\">Basilica San Clemente<\/a><\/strong> | 1999<br \/><strong><a href=\"https:\/\/santamariadellerose.art\/exhibitions\/spanish-national-church-rome-2000\/\">National Spanish Church<\/a><\/strong> | 2000<br \/><a href=\"https:\/\/santamariadellerose.art\/exhibitions\/pontificia-universitas-gregoriana-roma-1999\/\"><strong>Pontificia Universitas Grogoriana<\/strong><\/a> | 2000<\/td>\n<\/tr>\n<tr>\n<td width=\"30%\">Tufo, Carsoli<\/td>\n<td width=\"70%\"><strong><a href=\"https:\/\/santamariadellerose.art\/exhibitions\/santa-maria-delle-grazie-tufo-2018\/\">Church of Santa Maria delle Grazie<\/a><\/strong> &#8211; PERMANENT | 2018<\/td>\n<\/tr>\n<tr>\n<td width=\"30%\">Verona<\/td>\n<td width=\"70%\"><strong><a href=\"https:\/\/santamariadellerose.art\/exhibitions\/duomo-cathedral-of-verona-exhibition-2000\/\">Cathedral<\/a><\/strong> | 2000<\/td>\n<\/tr>\n<\/tbody>\n<\/table>\n<\/div>\n\t\t\t\t<\/div>\n\t\t\t\t\t\t\t<div class=\"elementor-toggle-item\">\n\t\t\t\t\t<h3 id=\"elementor-tab-title-1946\" class=\"elementor-tab-title\" data-tab=\"6\" role=\"button\" aria-controls=\"elementor-tab-content-1946\" aria-expanded=\"false\">\n\t\t\t\t\t\t\t\t\t\t\t\t<span class=\"elementor-toggle-icon elementor-toggle-icon-left\" aria-hidden=\"true\">\n\t\t\t\t\t\t\t\t\t\t\t\t\t\t\t<span class=\"elementor-toggle-icon-closed\"><i class=\"fas fa-caret-right\"><\/i><\/span>\n\t\t\t\t\t\t\t\t<span class=\"elementor-toggle-icon-opened\"><i class=\"elementor-toggle-icon-opened fas fa-caret-up\"><\/i><\/span>\n\t\t\t\t\t\t\t\t\t\t\t\t\t<\/span>\n\t\t\t\t\t\t\t\t\t\t\t\t<a class=\"elementor-toggle-title\" tabindex=\"0\">Portogallo<\/a>\n\t\t\t\t\t<\/h3>\n\n\t\t\t\t\t<div id=\"elementor-tab-content-1946\" class=\"elementor-tab-content elementor-clearfix\" data-tab=\"6\" role=\"region\" aria-labelledby=\"elementor-tab-title-1946\"><table width=\"100%\">\n<tbody>\n<tr>\n<td width=\"30%\">Braga<\/td>\n<td width=\"70%\"><strong><a href=\"https:\/\/santamariadellerose.art\/exhibitions\/museum-pio-xii-braga-2005\/\">Pio XII Museum<\/a><\/strong> | 2005<\/td>\n<\/tr>\n<tr>\n<td width=\"30%\">Lisboa<\/td>\n<td width=\"70%\"><strong><a href=\"https:\/\/santamariadellerose.art\/exhibitions\/basilica-da-estrela-lisboa-2006\/\">Basilica of Estrela<\/a><\/strong> | 2006<br \/><strong><a href=\"https:\/\/santamariadellerose.art\/exhibitions\/basilica-os-martirs-lisboa-2016\/\">Basilica of Os Martirs<\/a><\/strong> | 2016<br \/><strong><a href=\"https:\/\/santamariadellerose.art\/exhibitions\/universidade-catolica-lisboa-2006\/\">Catholic University<\/a><\/strong> | 2006<br \/><strong><a href=\"https:\/\/santamariadellerose.art\/exhibitions\/igreja-do-cristo-rei-da-portela-lisboa-2016\/\">Church of Cristo Rei da Portela<\/a><\/strong> | 2016<br \/><strong><a href=\"https:\/\/santamariadellerose.art\/exhibitions\/real-monasterio-de-santa-isabel-barcelona-2016\/\">Church of Santa Isabel<\/a><\/strong> | 2005<br \/><strong><a href=\"https:\/\/santamariadellerose.art\/exhibitions\/santa-joana-princesa-lisboa-2023\/\">Parish of Santa Joana Princesa<\/a><\/strong> | 2023<\/td>\n<\/tr>\n<\/tbody>\n<\/table>\n<\/div>\n\t\t\t\t<\/div>\n\t\t\t\t\t\t\t<div class=\"elementor-toggle-item\">\n\t\t\t\t\t<h3 id=\"elementor-tab-title-1947\" class=\"elementor-tab-title\" data-tab=\"7\" role=\"button\" aria-controls=\"elementor-tab-content-1947\" aria-expanded=\"false\">\n\t\t\t\t\t\t\t\t\t\t\t\t<span class=\"elementor-toggle-icon elementor-toggle-icon-left\" aria-hidden=\"true\">\n\t\t\t\t\t\t\t\t\t\t\t\t\t\t\t<span class=\"elementor-toggle-icon-closed\"><i class=\"fas fa-caret-right\"><\/i><\/span>\n\t\t\t\t\t\t\t\t<span class=\"elementor-toggle-icon-opened\"><i class=\"elementor-toggle-icon-opened fas fa-caret-up\"><\/i><\/span>\n\t\t\t\t\t\t\t\t\t\t\t\t\t<\/span>\n\t\t\t\t\t\t\t\t\t\t\t\t<a class=\"elementor-toggle-title\" tabindex=\"0\">Spagna<\/a>\n\t\t\t\t\t<\/h3>\n\n\t\t\t\t\t<div id=\"elementor-tab-content-1947\" class=\"elementor-tab-content elementor-clearfix\" data-tab=\"7\" role=\"region\" aria-labelledby=\"elementor-tab-title-1947\"><table width=\"100%\">\n<tbody>\n<tr>\n<td width=\"30%\">Barcelona<\/td>\n<td width=\"70%\"><strong><a href=\"https:\/\/santamariadellerose.art\/exhibitions\/cripta-gaudi-sagrada-familia-barcelona-2004\/\">Basilica of Sagrada Familia<\/a><\/strong> | 2004<br \/><strong><a href=\"https:\/\/santamariadellerose.art\/exhibitions\/sant-gervasi-funeral-home-barcelona-2016\/\">Obituary of Sant Gervasi<\/a><\/strong> &#8211; PERMANENT | 2016<br \/><strong><a href=\"https:\/\/santamariadellerose.art\/exhibitions\/palau-robert-exhibition-1999\/\">Palau Robert City Cultural Center<\/a><\/strong> | 1999<br \/><strong><a href=\"https:\/\/santamariadellerose.art\/exhibitions\/santo-tomas-de-aquino-barcelona-2004\/\">Parish of Santo Tomas de Aquino<\/a><\/strong> | 2004<br \/><strong><a href=\"https:\/\/santamariadellerose.art\/exhibitions\/pia-almoina-maria-exhibition-1998\/\">Pia Almoina Diocesan Museum<\/a><\/strong> | 1998<br \/><strong><a href=\"https:\/\/santamariadellerose.art\/exhibitions\/real-monasterio-de-santa-isabel-barcelona-2016\/\">Royal Monastry of Santa Isabel<\/a><\/strong> &#8211; PERMANENT | 2016<\/td>\n<\/tr>\n<tr>\n<td width=\"30%\">Girona<\/td>\n<td width=\"70%\"><strong><a href=\"https:\/\/santamariadellerose.art\/exhibitions\/fontana-d-or-girona-exhibition-2000\/\">Fontana d&#8217;Or Cultural Center<\/a><\/strong> | 2000<\/td>\n<\/tr>\n<tr>\n<td width=\"30%\">Palma de Mallorca<\/td>\n<td width=\"70%\"><strong><a href=\"https:\/\/santamariadellerose.art\/exhibitions\/sant-antoniet-palma-de-mallorca-2000\/\">Church of Sant Antoniet<\/a><\/strong> | 2000<br \/><strong><a href=\"https:\/\/santamariadellerose.art\/exhibitions\/saint-michael-basilica-palma-de-majorca-2011\/\">Parish of Sant Miquel<\/a><\/strong> | 2011<br \/><strong><a href=\"https:\/\/santamariadellerose.art\/exhibitions\/school-the-purisima-for-deaf-children-palma-of-majorca-2001\/\">School La Purisima<\/a><\/strong> &#8211; PERMANENT | 2001<\/td>\n<\/tr>\n<tr>\n<td width=\"30%\">Salamanca<\/td>\n<td width=\"70%\"><strong><a href=\"https:\/\/santamariadellerose.art\/exhibitions\/catedral-de-salamanca-exhibition-2002-2003\/\">Cathedral <\/a><\/strong>| 2003<\/td>\n<\/tr>\n<tr>\n<td width=\"30%\">Santiago de Compostela<\/td>\n<td width=\"70%\"><strong><a href=\"https:\/\/santamariadellerose.art\/exhibitions\/san-martin-pinario-exhibition-2002\/\">Church of San Mart\u00edn Pinario<\/a><\/strong> | 2002<\/td>\n<\/tr>\n<tr>\n<td width=\"30%\">Tarragona<\/td>\n<td width=\"70%\"><a href=\"https:\/\/santamariadellerose.art\/exhibitions\/tarragona-exhibition-1999\/\"><strong>Cathedral<\/strong><\/a>| 1999<br \/><strong><a href=\"https:\/\/santamariadellerose.art\/it\/mostre\/museo-diocesano-tarragona-mostra-2023\/\">Doicesan Museum<\/a><\/strong> &#8211; PERMANENT | 2023<\/td>\n<\/tr>\n<tr>\n<td width=\"30%\">Tortosa<\/td>\n<td width=\"70%\"><a href=\"https:\/\/santamariadellerose.art\/exhibitions\/tortosa-exhibition-1999\/\"><strong>Cathedral<\/strong><\/a>| 1999<br \/><strong><a href=\"https:\/\/santamariadellerose.art\/exhibitions\/diocesan-museum-of-tortosa-since-2000\/\">Doicesan Museum<\/a><\/strong> &#8211; PERMANENT | 2000<\/td>\n<\/tr>\n<tr>\n<td width=\"30%\">Vic<\/td>\n<td width=\"70%\"><strong><a href=\"https:\/\/santamariadellerose.art\/exhibitions\/vic-exhibition-1999\/\">L&#8217;Albergueria Diocesan Museum<\/a><\/strong> | 1999<\/td>\n<\/tr>\n<tr>\n<td width=\"30%\">Zaragoza<\/td>\n<td width=\"70%\"><strong><a href=\"https:\/\/santamariadellerose.art\/exhibitions\/san-juan-de-los-panetes-zaragoza-2000\/\">Church of San Juan de los Panetes<\/a><\/strong> | 2000<\/td>\n<\/tr>\n<\/tbody>\n<\/table>\n<\/div>\n\t\t\t\t<\/div>\n\t\t\t\t\t\t\t<div class=\"elementor-toggle-item\">\n\t\t\t\t\t<h3 id=\"elementor-tab-title-1948\" class=\"elementor-tab-title\" data-tab=\"8\" role=\"button\" aria-controls=\"elementor-tab-content-1948\" aria-expanded=\"false\">\n\t\t\t\t\t\t\t\t\t\t\t\t<span class=\"elementor-toggle-icon elementor-toggle-icon-left\" aria-hidden=\"true\">\n\t\t\t\t\t\t\t\t\t\t\t\t\t\t\t<span class=\"elementor-toggle-icon-closed\"><i class=\"fas fa-caret-right\"><\/i><\/span>\n\t\t\t\t\t\t\t\t<span class=\"elementor-toggle-icon-opened\"><i class=\"elementor-toggle-icon-opened fas fa-caret-up\"><\/i><\/span>\n\t\t\t\t\t\t\t\t\t\t\t\t\t<\/span>\n\t\t\t\t\t\t\t\t\t\t\t\t<a class=\"elementor-toggle-title\" tabindex=\"0\">Singapore<\/a>\n\t\t\t\t\t<\/h3>\n\n\t\t\t\t\t<div id=\"elementor-tab-content-1948\" class=\"elementor-tab-content elementor-clearfix\" data-tab=\"8\" role=\"region\" aria-labelledby=\"elementor-tab-title-1948\"><table width=\"100%\">\n<tbody>\n<tr>\n<td width=\"30%\">Singapore<\/td>\n<td width=\"70%\"><strong><a href=\"https:\/\/santamariadellerose.art\/exhibitions\/st-ignatius-church-singapore-2014\/\">Church of Sant Ignatius<\/a><\/strong> &#8211; PERMANENT| 2014<\/td>\n<\/tr>\n<\/tbody>\n<\/table>\n<\/div>\n\t\t\t\t<\/div>\n\t\t\t\t\t\t\t\t<\/div>\n\t\t\t\t\t\t<\/div>\n\t\t\t\t<\/div>\n\t\t\t\t\t<\/div>\n\t\t<\/div>\n\t\t\t\t\t<\/div>\n\t\t<\/section>\n\t\t\t\t<section class=\"elementor-section elementor-top-section elementor-element elementor-element-0b3fc84 elementor-section-full_width elementor-section-content-middle elementor-section-height-default elementor-section-height-default\" data-id=\"0b3fc84\" data-element_type=\"section\" data-settings=\"{&quot;background_background&quot;:&quot;classic&quot;,&quot;jet_parallax_layout_list&quot;:[]}\">\n\t\t\t\t\t\t\t<div class=\"elementor-background-overlay\"><\/div>\n\t\t\t\t\t\t\t<div class=\"elementor-container elementor-column-gap-default\">\n\t\t\t\t\t<div class=\"elementor-column elementor-col-100 elementor-top-column elementor-element elementor-element-775520d\" data-id=\"775520d\" data-element_type=\"column\">\n\t\t\t<div class=\"elementor-widget-wrap elementor-element-populated\">\n\t\t\t\t\t\t<div class=\"elementor-element elementor-element-f8099f0 animated-slow elementor-invisible elementor-widget elementor-widget-text-editor\" data-id=\"f8099f0\" data-element_type=\"widget\" data-settings=\"{&quot;_animation&quot;:&quot;fadeInUp&quot;,&quot;_animation_delay&quot;:100}\" data-widget_type=\"text-editor.default\">\n\t\t\t\t<div class=\"elementor-widget-container\">\n\t\t\t\t\t\t\t\t\t<h3>Dal 1998 al 2023, MARIA \u00e8 stata esposta 49 volte in diverse sedi come cattedrali, chiese, universit\u00e0 e centri d\u2019arte in tutta Europa e in Asia. In 13 luoghi, MARIA \u00e8 diventata una mostra permanente. Nuove mostre e installazioni permanenti sono previste per gli anni a venire.<\/h3>\n<h3>In 14 luoghi, MARIA \u00e8 diventata una mostra permanente.<\/h3>\n<h3><strong>Nuove mostre e installazioni permanenti sono previste per gli anni a venire.<\/strong><\/h3>\n\t\t\t\t\t\t\t\t<\/div>\n\t\t\t\t<\/div>\n\t\t\t\t\t<\/div>\n\t\t<\/div>\n\t\t\t\t\t<\/div>\n\t\t<\/section>\n\t\t\t\t<section class=\"elementor-section elementor-top-section elementor-element elementor-element-495c086 elementor-section-boxed elementor-section-height-default elementor-section-height-default\" data-id=\"495c086\" data-element_type=\"section\" data-settings=\"{&quot;jet_parallax_layout_list&quot;:[],&quot;background_background&quot;:&quot;classic&quot;}\">\n\t\t\t\t\t\t<div class=\"elementor-container elementor-column-gap-default\">\n\t\t\t\t\t<div class=\"elementor-column elementor-col-100 elementor-top-column elementor-element elementor-element-51b5492\" data-id=\"51b5492\" data-element_type=\"column\">\n\t\t\t<div class=\"elementor-widget-wrap elementor-element-populated\">\n\t\t\t\t\t\t<div class=\"elementor-element elementor-element-66ca24f elementor-widget elementor-widget-text-editor\" data-id=\"66ca24f\" data-element_type=\"widget\" data-widget_type=\"text-editor.default\">\n\t\t\t\t<div class=\"elementor-widget-container\">\n\t\t\t\t\t\t\t\t\t<h1 style=\"text-align: center;\"><a href=\"https:\/\/santamariadellerose.art\/it\/\" target=\"_blank\" rel=\"noopener\">Mostra d\u2019Arte Sacra Contemporanea<\/a><\/h1>\n\t\t\t\t\t\t\t\t<\/div>\n\t\t\t\t<\/div>\n\t\t\t\t<div class=\"elementor-element elementor-element-337c360 elementor-widget elementor-widget-spacer\" data-id=\"337c360\" data-element_type=\"widget\" data-widget_type=\"spacer.default\">\n\t\t\t\t<div class=\"elementor-widget-container\">\n\t\t\t\t\t\t\t<div class=\"elementor-spacer\">\n\t\t\t<div class=\"elementor-spacer-inner\"><\/div>\n\t\t<\/div>\n\t\t\t\t\t\t<\/div>\n\t\t\t\t<\/div>\n\t\t\t\t<div class=\"elementor-element elementor-element-84d21fa elementor-widget elementor-widget-text-editor\" data-id=\"84d21fa\" data-element_type=\"widget\" data-widget_type=\"text-editor.default\">\n\t\t\t\t<div class=\"elementor-widget-container\">\n\t\t\t\t\t\t\t\t\t<h2 style=\"text-align: center;\"><em>a visual and tactile experience<\/em><\/h2>\n\t\t\t\t\t\t\t\t<\/div>\n\t\t\t\t<\/div>\n\t\t\t\t<div class=\"elementor-element elementor-element-0556416 elementor-widget elementor-widget-image\" data-id=\"0556416\" data-element_type=\"widget\" data-widget_type=\"image.default\">\n\t\t\t\t<div class=\"elementor-widget-container\">\n\t\t\t\t\t\t\t\t\t\t\t\t\t\t\t\t<a href=\"https:\/\/santamariadellerose.art\/it\/assisi\/\">\n\t\t\t\t\t\t\t<img fetchpriority=\"high\" decoding=\"async\" width=\"1024\" height=\"512\" src=\"https:\/\/santamariadellerose.art\/wp-content\/uploads\/2024\/06\/maria-assisi-permanent-1024x512.jpg\" class=\"attachment-large size-large wp-image-23805\" alt=\"\" srcset=\"https:\/\/santamariadellerose.art\/wp-content\/uploads\/2024\/06\/maria-assisi-permanent-1024x512.jpg 1024w, https:\/\/santamariadellerose.art\/wp-content\/uploads\/2024\/06\/maria-assisi-permanent-300x150.jpg 300w, https:\/\/santamariadellerose.art\/wp-content\/uploads\/2024\/06\/maria-assisi-permanent-768x384.jpg 768w, https:\/\/santamariadellerose.art\/wp-content\/uploads\/2024\/06\/maria-assisi-permanent-600x300.jpg 600w, https:\/\/santamariadellerose.art\/wp-content\/uploads\/2024\/06\/maria-assisi-permanent.jpg 1200w\" sizes=\"(max-width: 1024px) 100vw, 1024px\" \/>\t\t\t\t\t\t\t\t<\/a>\n\t\t\t\t\t\t\t\t\t\t\t\t\t\t\t<\/div>\n\t\t\t\t<\/div>\n\t\t\t\t<div class=\"elementor-element elementor-element-4581038 elementor-align-center elementor-widget elementor-widget-button\" data-id=\"4581038\" data-element_type=\"widget\" data-widget_type=\"button.default\">\n\t\t\t\t<div class=\"elementor-widget-container\">\n\t\t\t\t\t\t\t\t\t<div class=\"elementor-button-wrapper\">\n\t\t\t\t\t<a class=\"elementor-button elementor-button-link elementor-size-lg\" href=\"https:\/\/g.page\/mostramaria?share\">\n\t\t\t\t\t\t<span class=\"elementor-button-content-wrapper\">\n\t\t\t\t\t\t\t\t\t<span class=\"elementor-button-text\">Check  at Google Hours and Phone<\/span>\n\t\t\t\t\t<\/span>\n\t\t\t\t\t<\/a>\n\t\t\t\t<\/div>\n\t\t\t\t\t\t\t\t<\/div>\n\t\t\t\t<\/div>\n\t\t\t\t\t<\/div>\n\t\t<\/div>\n\t\t\t\t\t<\/div>\n\t\t<\/section>\n\t\t\t\t<\/div>\n\t\t","protected":false},"excerpt":{"rendered":"<p>Mostre per Localit\u00e0 Austria Innsbruck Jesuit Church of the University &#8211; PERMANENT | 2021 Repubblica Ceca Praha Church of Panna Maria Sn\u011b\u017en\u00e1 &#8211; PERMANENT | 2015 Germania Bonlanden Franciscan Convent &#8211; PERMANENT | 2021 Frankfurt Lutheran Church of Alte Nicolaikirche | 2001 Ludwigshafen Chapel of Enrich Pesch Haus | 2003 Osnabr\u00fcck Cathedral | 2010 Francia &#8230; <\/p>\n<p class=\"read-more-container\"><a title=\"Mostre per Localit\u00e0\" class=\"read-more button\" href=\"https:\/\/santamariadellerose.art\/it\/mostre\/mostre-per-localitas\/#more-23480\" aria-label=\"More on Mostre per Localit\u00e0\">Leggi tutto<\/a><\/p>\n","protected":false},"author":13,"featured_media":12857,"parent":12878,"menu_order":0,"comment_status":"closed","ping_status":"closed","template":"","meta":{"_acf_changed":false,"footnotes":""},"class_list":["post-23480","page","type-page","status-publish","has-post-thumbnail"],"acf":[],"yoast_head":"<!-- This site is optimized with the Yoast SEO plugin v24.3 - https:\/\/yoast.com\/wordpress\/plugins\/seo\/ -->\n<title>Mostre per Localit\u00e0 - Mostra d\u2019Arte Sacra Contemporanea di Guido Dettoni della Grazia by Guido Dettoni della Grazia<\/title>\n<meta name=\"description\" content=\"Dal 1998, MARIA \u00e8 stata installata in cattedrali, chiese, universit\u00e0 e centri d&#039;arte in tutta Europa e in Asia...\" \/>\n<meta name=\"robots\" content=\"index, follow, max-snippet:-1, max-image-preview:large, max-video-preview:-1\" \/>\n<link rel=\"canonical\" href=\"https:\/\/santamariadellerose.art\/it\/mostre\/mostre-per-localitas\/\" \/>\n<meta property=\"og:locale\" content=\"it_IT\" \/>\n<meta property=\"og:type\" content=\"article\" \/>\n<meta property=\"og:title\" content=\"Mostre per Localit\u00e0 - Mostra d\u2019Arte Sacra Contemporanea di Guido Dettoni della Grazia by Guido Dettoni della Grazia\" \/>\n<meta property=\"og:description\" content=\"Dal 1998, MARIA \u00e8 stata installata in cattedrali, chiese, universit\u00e0 e centri d&#039;arte in tutta Europa e in Asia...\" \/>\n<meta property=\"og:url\" content=\"https:\/\/santamariadellerose.art\/it\/mostre\/mostre-per-localitas\/\" \/>\n<meta property=\"og:site_name\" content=\"Mostra d\u2019Arte Sacra Contemporanea di Guido Dettoni della Grazia\" \/>\n<meta property=\"article:publisher\" content=\"https:\/\/www.facebook.com\/mostramaria\" \/>\n<meta property=\"article:modified_time\" content=\"2025-02-06T15:06:33+00:00\" \/>\n<meta property=\"og:image\" content=\"https:\/\/santamariadellerose.art\/wp-content\/uploads\/2022\/09\/maria-exhibitions.jpg\" \/>\n\t<meta property=\"og:image:width\" content=\"1080\" \/>\n\t<meta property=\"og:image:height\" content=\"718\" \/>\n\t<meta property=\"og:image:type\" content=\"image\/jpeg\" \/>\n<meta name=\"twitter:card\" content=\"summary_large_image\" \/>\n<meta name=\"twitter:label1\" content=\"Tempo di lettura stimato\" \/>\n\t<meta name=\"twitter:data1\" content=\"8 minuti\" \/>\n<script type=\"application\/ld+json\" class=\"yoast-schema-graph\">{\"@context\":\"https:\/\/schema.org\",\"@graph\":[{\"@type\":\"WebPage\",\"@id\":\"https:\/\/santamariadellerose.art\/it\/mostre\/mostre-per-localitas\/\",\"url\":\"https:\/\/santamariadellerose.art\/it\/mostre\/mostre-per-localitas\/\",\"name\":\"Mostre per Localit\u00e0 - Mostra d\u2019Arte Sacra Contemporanea di Guido Dettoni della Grazia by Guido Dettoni della Grazia\",\"isPartOf\":{\"@id\":\"https:\/\/santamariadellerose.art\/it\/#website\"},\"primaryImageOfPage\":{\"@id\":\"https:\/\/santamariadellerose.art\/it\/mostre\/mostre-per-localitas\/#primaryimage\"},\"image\":{\"@id\":\"https:\/\/santamariadellerose.art\/it\/mostre\/mostre-per-localitas\/#primaryimage\"},\"thumbnailUrl\":\"https:\/\/santamariadellerose.art\/wp-content\/uploads\/2022\/09\/maria-exhibitions.jpg\",\"datePublished\":\"2024-02-23T15:32:10+00:00\",\"dateModified\":\"2025-02-06T15:06:33+00:00\",\"description\":\"Dal 1998, MARIA \u00e8 stata installata in cattedrali, chiese, universit\u00e0 e centri d'arte in tutta Europa e in Asia...\",\"breadcrumb\":{\"@id\":\"https:\/\/santamariadellerose.art\/it\/mostre\/mostre-per-localitas\/#breadcrumb\"},\"inLanguage\":\"it-IT\",\"potentialAction\":[{\"@type\":\"ReadAction\",\"target\":[\"https:\/\/santamariadellerose.art\/it\/mostre\/mostre-per-localitas\/\"]}]},{\"@type\":\"ImageObject\",\"inLanguage\":\"it-IT\",\"@id\":\"https:\/\/santamariadellerose.art\/it\/mostre\/mostre-per-localitas\/#primaryimage\",\"url\":\"https:\/\/santamariadellerose.art\/wp-content\/uploads\/2022\/09\/maria-exhibitions.jpg\",\"contentUrl\":\"https:\/\/santamariadellerose.art\/wp-content\/uploads\/2022\/09\/maria-exhibitions.jpg\",\"width\":1080,\"height\":718},{\"@type\":\"BreadcrumbList\",\"@id\":\"https:\/\/santamariadellerose.art\/it\/mostre\/mostre-per-localitas\/#breadcrumb\",\"itemListElement\":[{\"@type\":\"ListItem\",\"position\":1,\"name\":\"HOME\",\"item\":\"https:\/\/santamariadellerose.art\/it\/\"},{\"@type\":\"ListItem\",\"position\":2,\"name\":\"Mostre e Installazioni\",\"item\":\"https:\/\/santamariadellerose.art\/it\/?page_id=12877\"},{\"@type\":\"ListItem\",\"position\":3,\"name\":\"Mostre per Localit\u00e0\"}]},{\"@type\":\"WebSite\",\"@id\":\"https:\/\/santamariadellerose.art\/it\/#website\",\"url\":\"https:\/\/santamariadellerose.art\/it\/\",\"name\":\"Contemporary Sacred Art Exhibition by Guido Dettoni della Grazia\",\"description\":\"Santa Maria delle Rose, Assisi\",\"publisher\":{\"@id\":\"https:\/\/santamariadellerose.art\/it\/#organization\"},\"alternateName\":\"by Guido Dettoni della Grazia\",\"potentialAction\":[{\"@type\":\"SearchAction\",\"target\":{\"@type\":\"EntryPoint\",\"urlTemplate\":\"https:\/\/santamariadellerose.art\/it\/?s={search_term_string}\"},\"query-input\":{\"@type\":\"PropertyValueSpecification\",\"valueRequired\":true,\"valueName\":\"search_term_string\"}}],\"inLanguage\":\"it-IT\"},{\"@type\":\"Organization\",\"@id\":\"https:\/\/santamariadellerose.art\/it\/#organization\",\"name\":\"Santa Maria delle Rose\",\"alternateName\":\"MARIA\",\"url\":\"https:\/\/santamariadellerose.art\/it\/\",\"logo\":{\"@type\":\"ImageObject\",\"inLanguage\":\"it-IT\",\"@id\":\"https:\/\/santamariadellerose.art\/it\/#\/schema\/logo\/image\/\",\"url\":\"https:\/\/santamariadellerose.art\/wp-content\/uploads\/2024\/07\/logo-mostra-gd-tr.png\",\"contentUrl\":\"https:\/\/santamariadellerose.art\/wp-content\/uploads\/2024\/07\/logo-mostra-gd-tr.png\",\"width\":1080,\"height\":222,\"caption\":\"Santa Maria delle Rose\"},\"image\":{\"@id\":\"https:\/\/santamariadellerose.art\/it\/#\/schema\/logo\/image\/\"},\"sameAs\":[\"https:\/\/www.facebook.com\/mostramaria\",\"https:\/\/www.instagram.com\/mariascultura\/\",\"https:\/\/www.youtube.com\/user\/nesherorg\",\"https:\/\/vimeo.com\/neshereditions\"]}]}<\/script>\n<!-- \/ Yoast SEO plugin. -->","yoast_head_json":{"title":"Mostre per Localit\u00e0 - Mostra d\u2019Arte Sacra Contemporanea di Guido Dettoni della Grazia by Guido Dettoni della Grazia","description":"Dal 1998, MARIA \u00e8 stata installata in cattedrali, chiese, universit\u00e0 e centri d'arte in tutta Europa e in Asia...","robots":{"index":"index","follow":"follow","max-snippet":"max-snippet:-1","max-image-preview":"max-image-preview:large","max-video-preview":"max-video-preview:-1"},"canonical":"https:\/\/santamariadellerose.art\/it\/mostre\/mostre-per-localitas\/","og_locale":"it_IT","og_type":"article","og_title":"Mostre per Localit\u00e0 - Mostra d\u2019Arte Sacra Contemporanea di Guido Dettoni della Grazia by Guido Dettoni della Grazia","og_description":"Dal 1998, MARIA \u00e8 stata installata in cattedrali, chiese, universit\u00e0 e centri d'arte in tutta Europa e in Asia...","og_url":"https:\/\/santamariadellerose.art\/it\/mostre\/mostre-per-localitas\/","og_site_name":"Mostra d\u2019Arte Sacra Contemporanea di Guido Dettoni della Grazia","article_publisher":"https:\/\/www.facebook.com\/mostramaria","article_modified_time":"2025-02-06T15:06:33+00:00","og_image":[{"width":1080,"height":718,"url":"https:\/\/santamariadellerose.art\/wp-content\/uploads\/2022\/09\/maria-exhibitions.jpg","type":"image\/jpeg"}],"twitter_card":"summary_large_image","twitter_misc":{"Tempo di lettura stimato":"8 minuti"},"schema":{"@context":"https:\/\/schema.org","@graph":[{"@type":"WebPage","@id":"https:\/\/santamariadellerose.art\/it\/mostre\/mostre-per-localitas\/","url":"https:\/\/santamariadellerose.art\/it\/mostre\/mostre-per-localitas\/","name":"Mostre per Localit\u00e0 - Mostra d\u2019Arte Sacra Contemporanea di Guido Dettoni della Grazia by Guido Dettoni della Grazia","isPartOf":{"@id":"https:\/\/santamariadellerose.art\/it\/#website"},"primaryImageOfPage":{"@id":"https:\/\/santamariadellerose.art\/it\/mostre\/mostre-per-localitas\/#primaryimage"},"image":{"@id":"https:\/\/santamariadellerose.art\/it\/mostre\/mostre-per-localitas\/#primaryimage"},"thumbnailUrl":"https:\/\/santamariadellerose.art\/wp-content\/uploads\/2022\/09\/maria-exhibitions.jpg","datePublished":"2024-02-23T15:32:10+00:00","dateModified":"2025-02-06T15:06:33+00:00","description":"Dal 1998, MARIA \u00e8 stata installata in cattedrali, chiese, universit\u00e0 e centri d'arte in tutta Europa e in Asia...","breadcrumb":{"@id":"https:\/\/santamariadellerose.art\/it\/mostre\/mostre-per-localitas\/#breadcrumb"},"inLanguage":"it-IT","potentialAction":[{"@type":"ReadAction","target":["https:\/\/santamariadellerose.art\/it\/mostre\/mostre-per-localitas\/"]}]},{"@type":"ImageObject","inLanguage":"it-IT","@id":"https:\/\/santamariadellerose.art\/it\/mostre\/mostre-per-localitas\/#primaryimage","url":"https:\/\/santamariadellerose.art\/wp-content\/uploads\/2022\/09\/maria-exhibitions.jpg","contentUrl":"https:\/\/santamariadellerose.art\/wp-content\/uploads\/2022\/09\/maria-exhibitions.jpg","width":1080,"height":718},{"@type":"BreadcrumbList","@id":"https:\/\/santamariadellerose.art\/it\/mostre\/mostre-per-localitas\/#breadcrumb","itemListElement":[{"@type":"ListItem","position":1,"name":"HOME","item":"https:\/\/santamariadellerose.art\/it\/"},{"@type":"ListItem","position":2,"name":"Mostre e Installazioni","item":"https:\/\/santamariadellerose.art\/it\/?page_id=12877"},{"@type":"ListItem","position":3,"name":"Mostre per Localit\u00e0"}]},{"@type":"WebSite","@id":"https:\/\/santamariadellerose.art\/it\/#website","url":"https:\/\/santamariadellerose.art\/it\/","name":"Contemporary Sacred Art Exhibition by Guido Dettoni della Grazia","description":"Santa Maria delle Rose, Assisi","publisher":{"@id":"https:\/\/santamariadellerose.art\/it\/#organization"},"alternateName":"by Guido Dettoni della Grazia","potentialAction":[{"@type":"SearchAction","target":{"@type":"EntryPoint","urlTemplate":"https:\/\/santamariadellerose.art\/it\/?s={search_term_string}"},"query-input":{"@type":"PropertyValueSpecification","valueRequired":true,"valueName":"search_term_string"}}],"inLanguage":"it-IT"},{"@type":"Organization","@id":"https:\/\/santamariadellerose.art\/it\/#organization","name":"Santa Maria delle Rose","alternateName":"MARIA","url":"https:\/\/santamariadellerose.art\/it\/","logo":{"@type":"ImageObject","inLanguage":"it-IT","@id":"https:\/\/santamariadellerose.art\/it\/#\/schema\/logo\/image\/","url":"https:\/\/santamariadellerose.art\/wp-content\/uploads\/2024\/07\/logo-mostra-gd-tr.png","contentUrl":"https:\/\/santamariadellerose.art\/wp-content\/uploads\/2024\/07\/logo-mostra-gd-tr.png","width":1080,"height":222,"caption":"Santa Maria delle Rose"},"image":{"@id":"https:\/\/santamariadellerose.art\/it\/#\/schema\/logo\/image\/"},"sameAs":["https:\/\/www.facebook.com\/mostramaria","https:\/\/www.instagram.com\/mariascultura\/","https:\/\/www.youtube.com\/user\/nesherorg","https:\/\/vimeo.com\/neshereditions"]}]}},"_links":{"self":[{"href":"https:\/\/santamariadellerose.art\/it\/wp-json\/wp\/v2\/pages\/23480","targetHints":{"allow":["GET"]}}],"collection":[{"href":"https:\/\/santamariadellerose.art\/it\/wp-json\/wp\/v2\/pages"}],"about":[{"href":"https:\/\/santamariadellerose.art\/it\/wp-json\/wp\/v2\/types\/page"}],"author":[{"embeddable":true,"href":"https:\/\/santamariadellerose.art\/it\/wp-json\/wp\/v2\/users\/13"}],"replies":[{"embeddable":true,"href":"https:\/\/santamariadellerose.art\/it\/wp-json\/wp\/v2\/comments?post=23480"}],"version-history":[{"count":5,"href":"https:\/\/santamariadellerose.art\/it\/wp-json\/wp\/v2\/pages\/23480\/revisions"}],"predecessor-version":[{"id":24909,"href":"https:\/\/santamariadellerose.art\/it\/wp-json\/wp\/v2\/pages\/23480\/revisions\/24909"}],"up":[{"embeddable":true,"href":"https:\/\/santamariadellerose.art\/it\/wp-json\/wp\/v2\/pages\/12878"}],"wp:featuredmedia":[{"embeddable":true,"href":"https:\/\/santamariadellerose.art\/it\/wp-json\/wp\/v2\/media\/12857"}],"wp:attachment":[{"href":"https:\/\/santamariadellerose.art\/it\/wp-json\/wp\/v2\/media?parent=23480"}],"curies":[{"name":"wp","href":"https:\/\/api.w.org\/{rel}","templated":true}]}}