{"id":18006,"date":"2022-10-11T19:47:33","date_gmt":"2022-10-11T17:47:33","guid":{"rendered":"https:\/\/maria.tk\/la-statua\/seconda-epifania-dell-opera-maria-1998\/"},"modified":"2022-12-07T21:22:36","modified_gmt":"2022-12-07T20:22:36","slug":"seconda-epifania-dell-opera-maria-1998","status":"publish","type":"page","link":"https:\/\/santamariadellerose.art\/it\/la-statua\/seconda-epifania-dell-opera-maria-1998\/","title":{"rendered":"Seconda Epifania dell&#8217;opera MARIA, 1998"},"content":{"rendered":"\t\t<div data-elementor-type=\"wp-page\" data-elementor-id=\"18006\" class=\"elementor elementor-18006\" data-elementor-post-type=\"page\">\n\t\t\t\t\t\t<section class=\"elementor-section elementor-top-section elementor-element elementor-element-eeee5c4 elementor-section-boxed elementor-section-height-default elementor-section-height-default\" data-id=\"eeee5c4\" data-element_type=\"section\" data-settings=\"{&quot;jet_parallax_layout_list&quot;:[]}\">\n\t\t\t\t\t\t<div class=\"elementor-container elementor-column-gap-default\">\n\t\t\t\t\t<div class=\"elementor-column elementor-col-100 elementor-top-column elementor-element elementor-element-b16c2c5\" data-id=\"b16c2c5\" data-element_type=\"column\">\n\t\t\t<div class=\"elementor-widget-wrap elementor-element-populated\">\n\t\t\t\t\t\t<div class=\"elementor-element elementor-element-55d44e1 elementor-widget elementor-widget-breadcrumbs\" data-id=\"55d44e1\" data-element_type=\"widget\" data-widget_type=\"breadcrumbs.default\">\n\t\t\t\t<div class=\"elementor-widget-container\">\n\t\t\t\t\t<p id=\"breadcrumbs\"><span><span><a href=\"https:\/\/santamariadellerose.art\/it\/\">HOME<\/a><\/span><\/span><\/p>\t\t\t\t<\/div>\n\t\t\t\t<\/div>\n\t\t\t\t\t<\/div>\n\t\t<\/div>\n\t\t\t\t\t<\/div>\n\t\t<\/section>\n\t\t\t\t<section class=\"elementor-section elementor-top-section elementor-element elementor-element-6737ba3 elementor-section-full_width elementor-section-content-middle elementor-section-height-default elementor-section-height-default\" data-id=\"6737ba3\" data-element_type=\"section\" data-settings=\"{&quot;background_background&quot;:&quot;classic&quot;,&quot;jet_parallax_layout_list&quot;:[]}\">\n\t\t\t\t\t\t\t<div class=\"elementor-background-overlay\"><\/div>\n\t\t\t\t\t\t\t<div class=\"elementor-container elementor-column-gap-default\">\n\t\t\t\t\t<div class=\"elementor-column elementor-col-100 elementor-top-column elementor-element elementor-element-0d51fa8\" data-id=\"0d51fa8\" data-element_type=\"column\">\n\t\t\t<div class=\"elementor-widget-wrap elementor-element-populated\">\n\t\t\t\t\t\t<div class=\"elementor-element elementor-element-e1c5e8a elementor-widget elementor-widget-heading\" data-id=\"e1c5e8a\" data-element_type=\"widget\" data-widget_type=\"heading.default\">\n\t\t\t\t<div class=\"elementor-widget-container\">\n\t\t\t\t\t<h2 class=\"elementor-heading-title elementor-size-default\">Seconda Epifania dell'opera d'arte MARIA, 1998<\/h2>\t\t\t\t<\/div>\n\t\t\t\t<\/div>\n\t\t\t\t<div class=\"elementor-element elementor-element-5945c20 animated-slow elementor-invisible elementor-widget elementor-widget-text-editor\" data-id=\"5945c20\" data-element_type=\"widget\" data-settings=\"{&quot;_animation&quot;:&quot;fadeIn&quot;,&quot;_animation_delay&quot;:100}\" data-widget_type=\"text-editor.default\">\n\t\t\t\t<div class=\"elementor-widget-container\">\n\t\t\t\t\t\t\t\t\t<p>Nel settembre 1995 mi resi conto che la scultura che avevo modellato non aveva raggiunto la sua perfezione e, sebbene l&#8217;immagine fosse gi\u00e0 stata riprodotta in otto copie di legno, ne interruppi la continuit\u00e0.<\/p>\n<p>Dopo quasi due anni e mezzo, l&#8217;8 gennaio 1998, nel mio studio di Maiorca, riuscii finalmente a trovare l&#8217;Icona MARIA definitiva: iniziava cos\u00ec il suo cammino.<\/p>\n<p>Potevo toccare e guardare quella semplice forma di cera. Il tatto e la vista erano complementari.<br \/>La Immaginai allontanarsi dalle mani per diventare pi\u00f9 grande e appartenere allo spazio esterno. Un anno dopo presso l&#8217;<strong>Universit\u00e0 Gregoriana<\/strong> di Roma, in occasione della Mostra MARIA, avrei ricordato che un intermediario tra due parti scompare non appena si raggiunge l&#8217;oggetto dell&#8217;intermediazione. Questo mi sugger\u00ec la riduzione dell\u2019Icona fino a scomparire nella mano. Questi tre momenti percettivi: l&#8217;ingrandimento (solo attraverso la vista), poi la dimensione originale (mano, tatto e vista) e, infine, la versione ridotta (solo tatto), fanno possibile un&#8217;ampia connessione con MARIA. Ultimamente, una successiva riduzione l&#8217;ha portata ad essere indossabile.<\/p>\n<p>Ero consapevole delle numerose immagini, diverse tra loro, di Maria e del femminile che porta e nutre la vita, ma le vedevo come un adattamento a culture diverse e volevo anche riaffermare la loro unicit\u00e0. L&#8217;Icona sarebbe stata sempre la stessa ma vestita con legni o marmi provenienti da tutto il mondo, o anche con resine o materiali riciclati.<\/p>\n<p>Inoltre, la scultura originale a misura delle mani non poteva essere vista interamente, eretta, per mostrare tutte le sue sfaccettature e la sua bellezza. <em>Come presentarla senza usare le mani?<\/em> E se non si vedessero? Giocai con l&#8217;impossibile per trovare l&#8217;aria solida che potesse contenerla, ossia il vetro. Cos\u00ec, immaginai trentatr\u00e9 cilindri di vetro, alla cui sommit\u00e0 avrei potuto collocare, con l&#8217;inclinazione desiderata, sporte in avanti, le trentatr\u00e9 immagini, vestite, in allora con legni provenienti da tutto il mondo. Come una sequenza, gli anni di Ges\u00f9 sulla terra avevano fatto sorgere proprio dalle terre dei luoghi che l&#8217;avrebbero ospitata, i cilindri di vetro che contenevano MARIA.<\/p>\n<p>L&#8217;olfatto anticipa ed evoca: da qui la distillazione di erbe, piante, fiori e legni per ottenere le fragranze che da allora l&#8217;avrebbero annunciata e accompagnata.<br \/>Mostrai poi la scultura al mio amico poeta <strong>Carles Duarte<\/strong>. Ne rimase affascinato e scrisse la poesia che completava l&#8217;icona con la parola.<br \/>&#8220;<em>Le mani sono una sosta dove imparo a invocarti<\/em>&#8220;. Questa intuizione poetica con cui termina la sua poesia &#8220;<strong><a href=\"https:\/\/santamariadellerose.art\/inspirations\/mother-of-god\/\">Madre di Dio secondo Guido Dettoni<\/a><\/strong>&#8221; definisce anche il nucleo del mio lavoro: <em>le mani come strumento di conoscenza concreta, che precede e provoca quella astratta<\/em>.<\/p>\n<h6>Guido Dettoni della Grazia<\/h6>\n\t\t\t\t\t\t\t\t<\/div>\n\t\t\t\t<\/div>\n\t\t\t\t\t<\/div>\n\t\t<\/div>\n\t\t\t\t\t<\/div>\n\t\t<\/section>\n\t\t\t\t<section class=\"elementor-section elementor-top-section elementor-element elementor-element-588be05 elementor-section-full_width elementor-section-height-default elementor-section-height-default\" data-id=\"588be05\" data-element_type=\"section\" data-settings=\"{&quot;jet_parallax_layout_list&quot;:[]}\">\n\t\t\t\t\t\t<div class=\"elementor-container elementor-column-gap-default\">\n\t\t\t\t\t<div class=\"elementor-column elementor-col-50 elementor-top-column elementor-element elementor-element-9b68293\" data-id=\"9b68293\" data-element_type=\"column\">\n\t\t\t<div class=\"elementor-widget-wrap elementor-element-populated\">\n\t\t\t\t\t\t<div class=\"elementor-element elementor-element-87a2108 elementor-widget elementor-widget-heading\" data-id=\"87a2108\" data-element_type=\"widget\" data-widget_type=\"heading.default\">\n\t\t\t\t<div class=\"elementor-widget-container\">\n\t\t\t\t\t<h3 class=\"elementor-heading-title elementor-size-default\"><a href=\"https:\/\/santamariadellerose.art\/it\/la-statua\/prima-epifania-dell-opera-maria-1995\/\">&lt; Prima Epifania<\/a><\/h3>\t\t\t\t<\/div>\n\t\t\t\t<\/div>\n\t\t\t\t\t<\/div>\n\t\t<\/div>\n\t\t\t\t<div class=\"elementor-column elementor-col-50 elementor-top-column elementor-element elementor-element-fb91a1c\" data-id=\"fb91a1c\" data-element_type=\"column\">\n\t\t\t<div class=\"elementor-widget-wrap elementor-element-populated\">\n\t\t\t\t\t\t<div class=\"elementor-element elementor-element-f0454d1 elementor-widget elementor-widget-heading\" data-id=\"f0454d1\" data-element_type=\"widget\" data-widget_type=\"heading.default\">\n\t\t\t\t<div class=\"elementor-widget-container\">\n\t\t\t\t\t<h3 class=\"elementor-heading-title elementor-size-default\"><a href=\"https:\/\/santamariadellerose.art\/it\/la-statua\/terza-epifania-il-nome-maria-2022\/\">Terza Epifania &gt;<\/a><\/h3>\t\t\t\t<\/div>\n\t\t\t\t<\/div>\n\t\t\t\t\t<\/div>\n\t\t<\/div>\n\t\t\t\t\t<\/div>\n\t\t<\/section>\n\t\t\t\t<\/div>\n\t\t","protected":false},"excerpt":{"rendered":"<p>Seconda Epifania dell&#8217;opera d&#8217;arte MARIA, 1998 Nel settembre 1995 mi resi conto che la scultura che avevo modellato non aveva raggiunto la sua perfezione e, sebbene l&#8217;immagine fosse gi\u00e0 stata riprodotta in otto copie di legno, ne interruppi la continuit\u00e0. Dopo quasi due anni e mezzo, l&#8217;8 gennaio 1998, nel mio studio di Maiorca, riuscii &#8230; <\/p>\n<p class=\"read-more-container\"><a title=\"Seconda Epifania dell&#8217;opera MARIA, 1998\" class=\"read-more button\" href=\"https:\/\/santamariadellerose.art\/it\/la-statua\/seconda-epifania-dell-opera-maria-1998\/#more-18006\" aria-label=\"More on Seconda Epifania dell&#8217;opera MARIA, 1998\">Leggi tutto<\/a><\/p>\n","protected":false},"author":13,"featured_media":16657,"parent":12875,"menu_order":0,"comment_status":"closed","ping_status":"closed","template":"","meta":{"_acf_changed":false,"footnotes":""},"class_list":["post-18006","page","type-page","status-publish","has-post-thumbnail"],"acf":[],"yoast_head":"<!-- This site is optimized with the Yoast SEO plugin v24.3 - https:\/\/yoast.com\/wordpress\/plugins\/seo\/ -->\n<title>Seconda Epifania - Mostra d\u2019Arte Sacra Contemporanea di Guido Dettoni della Grazia di Guido Dettoni della Grazia<\/title>\n<meta name=\"description\" content=\"L&#039;8 gennaio 1998, nel suo studio di Maiorca, Guido Dettoni riusc\u00ec finalmente a trovare l&#039;icona MARIA definitiva e inizi\u00f2 cos\u00ec il suo viaggio\" \/>\n<meta name=\"robots\" content=\"index, follow, max-snippet:-1, max-image-preview:large, max-video-preview:-1\" \/>\n<link rel=\"canonical\" href=\"https:\/\/santamariadellerose.art\/it\/la-statua\/seconda-epifania-dell-opera-maria-1998\/\" \/>\n<meta property=\"og:locale\" content=\"it_IT\" \/>\n<meta property=\"og:type\" content=\"article\" \/>\n<meta property=\"og:title\" content=\"Seconda Epifania - Mostra d\u2019Arte Sacra Contemporanea di Guido Dettoni della Grazia di Guido Dettoni della Grazia\" \/>\n<meta property=\"og:description\" content=\"L&#039;8 gennaio 1998, nel suo studio di Maiorca, Guido Dettoni riusc\u00ec finalmente a trovare l&#039;icona MARIA definitiva e inizi\u00f2 cos\u00ec il suo viaggio\" \/>\n<meta property=\"og:url\" content=\"https:\/\/santamariadellerose.art\/it\/la-statua\/seconda-epifania-dell-opera-maria-1998\/\" \/>\n<meta property=\"og:site_name\" content=\"Mostra d\u2019Arte Sacra Contemporanea di Guido Dettoni della Grazia\" \/>\n<meta property=\"article:publisher\" content=\"https:\/\/www.facebook.com\/mostramaria\" \/>\n<meta property=\"article:modified_time\" content=\"2022-12-07T20:22:36+00:00\" \/>\n<meta property=\"og:image\" content=\"https:\/\/santamariadellerose.art\/wp-content\/uploads\/2022\/10\/maria-guido-dettoni-hands-8.jpg\" \/>\n\t<meta property=\"og:image:width\" content=\"624\" \/>\n\t<meta property=\"og:image:height\" content=\"624\" \/>\n\t<meta property=\"og:image:type\" content=\"image\/jpeg\" \/>\n<meta name=\"twitter:card\" content=\"summary_large_image\" \/>\n<meta name=\"twitter:label1\" content=\"Tempo di lettura stimato\" \/>\n\t<meta name=\"twitter:data1\" content=\"3 minuti\" \/>\n<script type=\"application\/ld+json\" class=\"yoast-schema-graph\">{\"@context\":\"https:\/\/schema.org\",\"@graph\":[{\"@type\":\"WebPage\",\"@id\":\"https:\/\/santamariadellerose.art\/it\/la-statua\/seconda-epifania-dell-opera-maria-1998\/\",\"url\":\"https:\/\/santamariadellerose.art\/it\/la-statua\/seconda-epifania-dell-opera-maria-1998\/\",\"name\":\"Seconda Epifania - Mostra d\u2019Arte Sacra Contemporanea di Guido Dettoni della Grazia di Guido Dettoni della Grazia\",\"isPartOf\":{\"@id\":\"https:\/\/santamariadellerose.art\/it\/#website\"},\"primaryImageOfPage\":{\"@id\":\"https:\/\/santamariadellerose.art\/it\/la-statua\/seconda-epifania-dell-opera-maria-1998\/#primaryimage\"},\"image\":{\"@id\":\"https:\/\/santamariadellerose.art\/it\/la-statua\/seconda-epifania-dell-opera-maria-1998\/#primaryimage\"},\"thumbnailUrl\":\"https:\/\/santamariadellerose.art\/wp-content\/uploads\/2022\/10\/maria-guido-dettoni-hands-8.jpg\",\"datePublished\":\"2022-10-11T17:47:33+00:00\",\"dateModified\":\"2022-12-07T20:22:36+00:00\",\"description\":\"L'8 gennaio 1998, nel suo studio di Maiorca, Guido Dettoni riusc\u00ec finalmente a trovare l'icona MARIA definitiva e inizi\u00f2 cos\u00ec il suo viaggio\",\"breadcrumb\":{\"@id\":\"https:\/\/santamariadellerose.art\/it\/la-statua\/seconda-epifania-dell-opera-maria-1998\/#breadcrumb\"},\"inLanguage\":\"it-IT\",\"potentialAction\":[{\"@type\":\"ReadAction\",\"target\":[\"https:\/\/santamariadellerose.art\/it\/la-statua\/seconda-epifania-dell-opera-maria-1998\/\"]}]},{\"@type\":\"ImageObject\",\"inLanguage\":\"it-IT\",\"@id\":\"https:\/\/santamariadellerose.art\/it\/la-statua\/seconda-epifania-dell-opera-maria-1998\/#primaryimage\",\"url\":\"https:\/\/santamariadellerose.art\/wp-content\/uploads\/2022\/10\/maria-guido-dettoni-hands-8.jpg\",\"contentUrl\":\"https:\/\/santamariadellerose.art\/wp-content\/uploads\/2022\/10\/maria-guido-dettoni-hands-8.jpg\",\"width\":624,\"height\":624},{\"@type\":\"BreadcrumbList\",\"@id\":\"https:\/\/santamariadellerose.art\/it\/la-statua\/seconda-epifania-dell-opera-maria-1998\/#breadcrumb\",\"itemListElement\":[{\"@type\":\"ListItem\",\"position\":1,\"name\":\"HOME\",\"item\":\"https:\/\/santamariadellerose.art\/it\/\"},{\"@type\":\"ListItem\",\"position\":2,\"name\":\"La statua\",\"item\":\"https:\/\/santamariadellerose.art\/it\/?page_id=12874\"},{\"@type\":\"ListItem\",\"position\":3,\"name\":\"Seconda Epifania dell&#8217;opera MARIA, 1998\"}]},{\"@type\":\"WebSite\",\"@id\":\"https:\/\/santamariadellerose.art\/it\/#website\",\"url\":\"https:\/\/santamariadellerose.art\/it\/\",\"name\":\"Contemporary Sacred Art Exhibition by Guido Dettoni della Grazia\",\"description\":\"Santa Maria delle Rose, Assisi\",\"publisher\":{\"@id\":\"https:\/\/santamariadellerose.art\/it\/#organization\"},\"alternateName\":\"by Guido Dettoni della Grazia\",\"potentialAction\":[{\"@type\":\"SearchAction\",\"target\":{\"@type\":\"EntryPoint\",\"urlTemplate\":\"https:\/\/santamariadellerose.art\/it\/?s={search_term_string}\"},\"query-input\":{\"@type\":\"PropertyValueSpecification\",\"valueRequired\":true,\"valueName\":\"search_term_string\"}}],\"inLanguage\":\"it-IT\"},{\"@type\":\"Organization\",\"@id\":\"https:\/\/santamariadellerose.art\/it\/#organization\",\"name\":\"Santa Maria delle Rose\",\"alternateName\":\"MARIA\",\"url\":\"https:\/\/santamariadellerose.art\/it\/\",\"logo\":{\"@type\":\"ImageObject\",\"inLanguage\":\"it-IT\",\"@id\":\"https:\/\/santamariadellerose.art\/it\/#\/schema\/logo\/image\/\",\"url\":\"https:\/\/santamariadellerose.art\/wp-content\/uploads\/2024\/07\/logo-mostra-gd-tr.png\",\"contentUrl\":\"https:\/\/santamariadellerose.art\/wp-content\/uploads\/2024\/07\/logo-mostra-gd-tr.png\",\"width\":1080,\"height\":222,\"caption\":\"Santa Maria delle Rose\"},\"image\":{\"@id\":\"https:\/\/santamariadellerose.art\/it\/#\/schema\/logo\/image\/\"},\"sameAs\":[\"https:\/\/www.facebook.com\/mostramaria\",\"https:\/\/www.instagram.com\/mariascultura\/\",\"https:\/\/www.youtube.com\/user\/nesherorg\",\"https:\/\/vimeo.com\/neshereditions\"]}]}<\/script>\n<!-- \/ Yoast SEO plugin. -->","yoast_head_json":{"title":"Seconda Epifania - Mostra d\u2019Arte Sacra Contemporanea di Guido Dettoni della Grazia di Guido Dettoni della Grazia","description":"L'8 gennaio 1998, nel suo studio di Maiorca, Guido Dettoni riusc\u00ec finalmente a trovare l'icona MARIA definitiva e inizi\u00f2 cos\u00ec il suo viaggio","robots":{"index":"index","follow":"follow","max-snippet":"max-snippet:-1","max-image-preview":"max-image-preview:large","max-video-preview":"max-video-preview:-1"},"canonical":"https:\/\/santamariadellerose.art\/it\/la-statua\/seconda-epifania-dell-opera-maria-1998\/","og_locale":"it_IT","og_type":"article","og_title":"Seconda Epifania - Mostra d\u2019Arte Sacra Contemporanea di Guido Dettoni della Grazia di Guido Dettoni della Grazia","og_description":"L'8 gennaio 1998, nel suo studio di Maiorca, Guido Dettoni riusc\u00ec finalmente a trovare l'icona MARIA definitiva e inizi\u00f2 cos\u00ec il suo viaggio","og_url":"https:\/\/santamariadellerose.art\/it\/la-statua\/seconda-epifania-dell-opera-maria-1998\/","og_site_name":"Mostra d\u2019Arte Sacra Contemporanea di Guido Dettoni della Grazia","article_publisher":"https:\/\/www.facebook.com\/mostramaria","article_modified_time":"2022-12-07T20:22:36+00:00","og_image":[{"width":624,"height":624,"url":"https:\/\/santamariadellerose.art\/wp-content\/uploads\/2022\/10\/maria-guido-dettoni-hands-8.jpg","type":"image\/jpeg"}],"twitter_card":"summary_large_image","twitter_misc":{"Tempo di lettura stimato":"3 minuti"},"schema":{"@context":"https:\/\/schema.org","@graph":[{"@type":"WebPage","@id":"https:\/\/santamariadellerose.art\/it\/la-statua\/seconda-epifania-dell-opera-maria-1998\/","url":"https:\/\/santamariadellerose.art\/it\/la-statua\/seconda-epifania-dell-opera-maria-1998\/","name":"Seconda Epifania - Mostra d\u2019Arte Sacra Contemporanea di Guido Dettoni della Grazia di Guido Dettoni della Grazia","isPartOf":{"@id":"https:\/\/santamariadellerose.art\/it\/#website"},"primaryImageOfPage":{"@id":"https:\/\/santamariadellerose.art\/it\/la-statua\/seconda-epifania-dell-opera-maria-1998\/#primaryimage"},"image":{"@id":"https:\/\/santamariadellerose.art\/it\/la-statua\/seconda-epifania-dell-opera-maria-1998\/#primaryimage"},"thumbnailUrl":"https:\/\/santamariadellerose.art\/wp-content\/uploads\/2022\/10\/maria-guido-dettoni-hands-8.jpg","datePublished":"2022-10-11T17:47:33+00:00","dateModified":"2022-12-07T20:22:36+00:00","description":"L'8 gennaio 1998, nel suo studio di Maiorca, Guido Dettoni riusc\u00ec finalmente a trovare l'icona MARIA definitiva e inizi\u00f2 cos\u00ec il suo viaggio","breadcrumb":{"@id":"https:\/\/santamariadellerose.art\/it\/la-statua\/seconda-epifania-dell-opera-maria-1998\/#breadcrumb"},"inLanguage":"it-IT","potentialAction":[{"@type":"ReadAction","target":["https:\/\/santamariadellerose.art\/it\/la-statua\/seconda-epifania-dell-opera-maria-1998\/"]}]},{"@type":"ImageObject","inLanguage":"it-IT","@id":"https:\/\/santamariadellerose.art\/it\/la-statua\/seconda-epifania-dell-opera-maria-1998\/#primaryimage","url":"https:\/\/santamariadellerose.art\/wp-content\/uploads\/2022\/10\/maria-guido-dettoni-hands-8.jpg","contentUrl":"https:\/\/santamariadellerose.art\/wp-content\/uploads\/2022\/10\/maria-guido-dettoni-hands-8.jpg","width":624,"height":624},{"@type":"BreadcrumbList","@id":"https:\/\/santamariadellerose.art\/it\/la-statua\/seconda-epifania-dell-opera-maria-1998\/#breadcrumb","itemListElement":[{"@type":"ListItem","position":1,"name":"HOME","item":"https:\/\/santamariadellerose.art\/it\/"},{"@type":"ListItem","position":2,"name":"La statua","item":"https:\/\/santamariadellerose.art\/it\/?page_id=12874"},{"@type":"ListItem","position":3,"name":"Seconda Epifania dell&#8217;opera MARIA, 1998"}]},{"@type":"WebSite","@id":"https:\/\/santamariadellerose.art\/it\/#website","url":"https:\/\/santamariadellerose.art\/it\/","name":"Contemporary Sacred Art Exhibition by Guido Dettoni della Grazia","description":"Santa Maria delle Rose, Assisi","publisher":{"@id":"https:\/\/santamariadellerose.art\/it\/#organization"},"alternateName":"by Guido Dettoni della Grazia","potentialAction":[{"@type":"SearchAction","target":{"@type":"EntryPoint","urlTemplate":"https:\/\/santamariadellerose.art\/it\/?s={search_term_string}"},"query-input":{"@type":"PropertyValueSpecification","valueRequired":true,"valueName":"search_term_string"}}],"inLanguage":"it-IT"},{"@type":"Organization","@id":"https:\/\/santamariadellerose.art\/it\/#organization","name":"Santa Maria delle Rose","alternateName":"MARIA","url":"https:\/\/santamariadellerose.art\/it\/","logo":{"@type":"ImageObject","inLanguage":"it-IT","@id":"https:\/\/santamariadellerose.art\/it\/#\/schema\/logo\/image\/","url":"https:\/\/santamariadellerose.art\/wp-content\/uploads\/2024\/07\/logo-mostra-gd-tr.png","contentUrl":"https:\/\/santamariadellerose.art\/wp-content\/uploads\/2024\/07\/logo-mostra-gd-tr.png","width":1080,"height":222,"caption":"Santa Maria delle Rose"},"image":{"@id":"https:\/\/santamariadellerose.art\/it\/#\/schema\/logo\/image\/"},"sameAs":["https:\/\/www.facebook.com\/mostramaria","https:\/\/www.instagram.com\/mariascultura\/","https:\/\/www.youtube.com\/user\/nesherorg","https:\/\/vimeo.com\/neshereditions"]}]}},"_links":{"self":[{"href":"https:\/\/santamariadellerose.art\/it\/wp-json\/wp\/v2\/pages\/18006","targetHints":{"allow":["GET"]}}],"collection":[{"href":"https:\/\/santamariadellerose.art\/it\/wp-json\/wp\/v2\/pages"}],"about":[{"href":"https:\/\/santamariadellerose.art\/it\/wp-json\/wp\/v2\/types\/page"}],"author":[{"embeddable":true,"href":"https:\/\/santamariadellerose.art\/it\/wp-json\/wp\/v2\/users\/13"}],"replies":[{"embeddable":true,"href":"https:\/\/santamariadellerose.art\/it\/wp-json\/wp\/v2\/comments?post=18006"}],"version-history":[{"count":4,"href":"https:\/\/santamariadellerose.art\/it\/wp-json\/wp\/v2\/pages\/18006\/revisions"}],"predecessor-version":[{"id":18020,"href":"https:\/\/santamariadellerose.art\/it\/wp-json\/wp\/v2\/pages\/18006\/revisions\/18020"}],"up":[{"embeddable":true,"href":"https:\/\/santamariadellerose.art\/it\/wp-json\/wp\/v2\/pages\/12875"}],"wp:featuredmedia":[{"embeddable":true,"href":"https:\/\/santamariadellerose.art\/it\/wp-json\/wp\/v2\/media\/16657"}],"wp:attachment":[{"href":"https:\/\/santamariadellerose.art\/it\/wp-json\/wp\/v2\/media?parent=18006"}],"curies":[{"name":"wp","href":"https:\/\/api.w.org\/{rel}","templated":true}]}}