{"id":18004,"date":"2022-09-14T14:52:08","date_gmt":"2022-09-14T12:52:08","guid":{"rendered":"https:\/\/maria.tk\/la-statua\/prima-epifania-dell-opera-maria-1995\/"},"modified":"2022-12-07T21:26:00","modified_gmt":"2022-12-07T20:26:00","slug":"prima-epifania-dell-opera-maria-1995","status":"publish","type":"page","link":"https:\/\/santamariadellerose.art\/it\/la-statua\/prima-epifania-dell-opera-maria-1995\/","title":{"rendered":"L&#8217;inizio dell&#8217;opera d&#8217;arte MARIA"},"content":{"rendered":"\t\t<div data-elementor-type=\"wp-page\" data-elementor-id=\"18004\" class=\"elementor elementor-18004\" data-elementor-post-type=\"page\">\n\t\t\t\t\t\t<section class=\"elementor-section elementor-top-section elementor-element elementor-element-996f8f3 elementor-section-boxed elementor-section-height-default elementor-section-height-default\" data-id=\"996f8f3\" data-element_type=\"section\" data-settings=\"{&quot;jet_parallax_layout_list&quot;:[]}\">\n\t\t\t\t\t\t<div class=\"elementor-container elementor-column-gap-default\">\n\t\t\t\t\t<div class=\"elementor-column elementor-col-100 elementor-top-column elementor-element elementor-element-1abcd02\" data-id=\"1abcd02\" data-element_type=\"column\">\n\t\t\t<div class=\"elementor-widget-wrap elementor-element-populated\">\n\t\t\t\t\t\t<div class=\"elementor-element elementor-element-87adf40 elementor-widget elementor-widget-breadcrumbs\" data-id=\"87adf40\" data-element_type=\"widget\" data-widget_type=\"breadcrumbs.default\">\n\t\t\t\t<div class=\"elementor-widget-container\">\n\t\t\t\t\t<p id=\"breadcrumbs\"><span><span><a href=\"https:\/\/santamariadellerose.art\/it\/\">HOME<\/a><\/span><\/span><\/p>\t\t\t\t<\/div>\n\t\t\t\t<\/div>\n\t\t\t\t\t<\/div>\n\t\t<\/div>\n\t\t\t\t\t<\/div>\n\t\t<\/section>\n\t\t\t\t<section class=\"elementor-section elementor-top-section elementor-element elementor-element-7efd93e elementor-section-full_width elementor-section-content-middle elementor-section-height-default elementor-section-height-default\" data-id=\"7efd93e\" data-element_type=\"section\" data-settings=\"{&quot;background_background&quot;:&quot;classic&quot;,&quot;jet_parallax_layout_list&quot;:[]}\">\n\t\t\t\t\t\t\t<div class=\"elementor-background-overlay\"><\/div>\n\t\t\t\t\t\t\t<div class=\"elementor-container elementor-column-gap-default\">\n\t\t\t\t\t<div class=\"elementor-column elementor-col-100 elementor-top-column elementor-element elementor-element-386ba04\" data-id=\"386ba04\" data-element_type=\"column\">\n\t\t\t<div class=\"elementor-widget-wrap elementor-element-populated\">\n\t\t\t\t\t\t<div class=\"elementor-element elementor-element-e9659c4 elementor-widget elementor-widget-heading\" data-id=\"e9659c4\" data-element_type=\"widget\" data-widget_type=\"heading.default\">\n\t\t\t\t<div class=\"elementor-widget-container\">\n\t\t\t\t\t<h2 class=\"elementor-heading-title elementor-size-default\">La prima Epifania dell\u2019opera MARIA, 1995<\/h2>\t\t\t\t<\/div>\n\t\t\t\t<\/div>\n\t\t\t\t<div class=\"elementor-element elementor-element-61a6af6 elementor-invisible elementor-widget elementor-widget-image\" data-id=\"61a6af6\" data-element_type=\"widget\" data-settings=\"{&quot;_animation&quot;:&quot;fadeIn&quot;}\" data-widget_type=\"image.default\">\n\t\t\t\t<div class=\"elementor-widget-container\">\n\t\t\t\t\t\t\t\t\t\t\t\t\t\t\t<img decoding=\"async\" src=\"https:\/\/santamariadellerose.art\/wp-content\/uploads\/elementor\/thumbs\/maria-cholula-dettoni-1995-pxd863zvg7ogrw315lql4ll9qdrvu86n00mnperm64.jpg\" title=\"maria-cholula-dettoni-1995\" alt=\"maria-cholula-dettoni-1995\" loading=\"lazy\" \/>\t\t\t\t\t\t\t\t\t\t\t\t\t\t\t<\/div>\n\t\t\t\t<\/div>\n\t\t\t\t<div class=\"elementor-element elementor-element-8891200 elementor-invisible elementor-widget elementor-widget-text-editor\" data-id=\"8891200\" data-element_type=\"widget\" data-settings=\"{&quot;_animation&quot;:&quot;fadeIn&quot;}\" data-widget_type=\"text-editor.default\">\n\t\t\t\t<div class=\"elementor-widget-container\">\n\t\t\t\t\t\t\t\t\t<p>Anni di lavoro con la materia malleabile: il movimento delle mani, contenendola e modellandola nel silenzio degli occhi chiusi. Il trovare tangibile di quello che non conosci ancora e che ti porta alla conoscenza.<\/p>\n<p>Un giorno di primavera del 1995, <strong>Suor Teresa Ca\u00f1am\u00e1s<\/strong>, <em>direttrice della scuola \u201cLa Pur\u00edsima para ni\u00f1os sordos\u201d di Palma di Maiorca<\/em>, mi chiese di scolpire per la sua Comunit\u00e0 un&#8217;immagine di Maria, la Madre di Ges\u00f9. Per farmi ben capire quello che si aspettava da me mi mostr\u00f2, nel corridoio della loro clausura, una statua di gesso dell\u2019Immacolata, grande, vestita d\u2019azzurro, con un volto dolce, una corona di stelle e la luna ai piedi. Mi confuse quell\u2019immagine. Ero in partenza per il Messico e portai dentro di me quella richiesta che era diventata come un \u201cseme\u201d. In Messico ero ancora confuso, perch\u00e9 le immagini di Maria, cos\u00ec lontane, mi ricordavano quella dell\u2019Immacolata nel corridoio della clausura; ma questa mia confusione e la devozione popolare diventarono, a loro volta, \u201cl&#8217;acqua\u201d che fece germogliare il seme dentro di me. Di buona mattina, durante una visita al mercato di Puebla trovai della cera. La cera \u00e8 la materia con la quale di solito lavoro e, malgrado quella cera messicana fosse poco purificata, mi ricordava il marmo e me ne sentii attratto.<\/p>\n<p>Di ritorno in Spagna, avevo deciso di non pensare pi\u00f9 a Maria, ma avevo voglia di provare quella cera: si univano in me il desiderio di modellare e il sentimento di doverlo fare. Per incominciare non avevo bisogno di altro e cos\u00ec, nel silenzio degli occhi chiusi, scoprii nel vuoto delle mie mani quello che non conoscevo. Una realt\u00e0 tangibile che prendeva forma poco a poco e che acquistava tutto il suo significato contenendola tra le mani. Riconobbi nella mia memoria di Maria le immagini che avevo visto in Messico e anche quella dell\u2019Immacolata nel corridoio della Clausura. IRicordai le mie visioni durante la visita a Nazareth: il pozzo di Maria, verso il quale mi sembrava d\u2019averla vista camminare, la sua casa in quella grande chiesa a Lei dedicata. Non avevo l&#8217;intenzione consapevole di modellare la statua per renderla multiforme. Nacque cos\u00ec dai miei ricordi, da sola. Mi resi conto che, toccando la statua con gli occhi, una volta aperti, e guardandola da diversi punti di vista, essa diventava un&#8217;Icona multiforme che rivelava momenti della vita di Maria e anche i momenti della vita di ogni persona.<\/p>\n<p>Incominciai a ritoccarla con l\u2019affanno della perfezione delle forme, aprendo e chiudendo gli occhi, un po\u2019 distratto dal mio mestiere di scultore. Gli occhi mi permettevano di guardarla da diversi angoli e di vedere momenti della sua vita e quella di tutti noi. Di nuovo appariva quello che avevo riconosciuto nella mia memoria.<\/p>\n<p>Nel mese di luglio di quell&#8217;anno, un articolo &#8220;<a href=\"https:\/\/santamariadellerose.art\/writings\/the-hands-contain-the-virgin\/\"><strong>Le mani contengono la Vergine<\/strong><\/a>&#8221; dello scrittore e sacerdote <strong>Miquel Ambr\u00f2s<\/strong> pubblicato dalla rivista \u2018Brisas\u2019 di Palma di Maiorca, raccontava la nascita di quest&#8217;immagine e dei miei timori. Mostrandogliela, chiesi: \u201cma&#8230;si pu\u00f2 tenere la Madonna in mano?\u201d Mi rispose citandomi la prima lettera di San Giovanni: Vi annunciamo quello che abbiamo udito, quello che abbiamo visto con i nostri occhi, quello che abbiamo contemplato e che abbiamo toccato con le nostre mani: La Parola della Vita.<\/p>\n<h6>Guido Dettoni della Grazia<\/h6>\n\t\t\t\t\t\t\t\t<\/div>\n\t\t\t\t<\/div>\n\t\t\t\t\t<\/div>\n\t\t<\/div>\n\t\t\t\t\t<\/div>\n\t\t<\/section>\n\t\t\t\t<section class=\"elementor-section elementor-top-section elementor-element elementor-element-a402dbd elementor-section-full_width elementor-section-height-default elementor-section-height-default\" data-id=\"a402dbd\" data-element_type=\"section\" data-settings=\"{&quot;jet_parallax_layout_list&quot;:[]}\">\n\t\t\t\t\t\t<div class=\"elementor-container elementor-column-gap-default\">\n\t\t\t\t\t<div class=\"elementor-column elementor-col-50 elementor-top-column elementor-element elementor-element-b11aa00\" data-id=\"b11aa00\" data-element_type=\"column\">\n\t\t\t<div class=\"elementor-widget-wrap elementor-element-populated\">\n\t\t\t\t\t\t<div class=\"elementor-element elementor-element-916da3c elementor-widget elementor-widget-heading\" data-id=\"916da3c\" data-element_type=\"widget\" data-widget_type=\"heading.default\">\n\t\t\t\t<div class=\"elementor-widget-container\">\n\t\t\t\t\t<h3 class=\"elementor-heading-title elementor-size-default\"><a href=\"https:\/\/santamariadellerose.art\/it\/la-statua\/seconda-epifania-dell-opera-maria-1998\/\">&lt; Seconda Epifania<\/a><\/h3>\t\t\t\t<\/div>\n\t\t\t\t<\/div>\n\t\t\t\t\t<\/div>\n\t\t<\/div>\n\t\t\t\t<div class=\"elementor-column elementor-col-50 elementor-top-column elementor-element elementor-element-f8a4b89\" data-id=\"f8a4b89\" data-element_type=\"column\">\n\t\t\t<div class=\"elementor-widget-wrap elementor-element-populated\">\n\t\t\t\t\t\t<div class=\"elementor-element elementor-element-e3ee2e0 elementor-widget elementor-widget-heading\" data-id=\"e3ee2e0\" data-element_type=\"widget\" data-widget_type=\"heading.default\">\n\t\t\t\t<div class=\"elementor-widget-container\">\n\t\t\t\t\t<h3 class=\"elementor-heading-title elementor-size-default\"><a href=\"https:\/\/santamariadellerose.art\/it\/la-statua\/terza-epifania-il-nome-maria-2022\/\">Terza Epifania &gt;<\/a><\/h3>\t\t\t\t<\/div>\n\t\t\t\t<\/div>\n\t\t\t\t\t<\/div>\n\t\t<\/div>\n\t\t\t\t\t<\/div>\n\t\t<\/section>\n\t\t\t\t<\/div>\n\t\t","protected":false},"excerpt":{"rendered":"<p>La prima Epifania dell\u2019opera MARIA, 1995 Anni di lavoro con la materia malleabile: il movimento delle mani, contenendola e modellandola nel silenzio degli occhi chiusi. Il trovare tangibile di quello che non conosci ancora e che ti porta alla conoscenza. Un giorno di primavera del 1995, Suor Teresa Ca\u00f1am\u00e1s, direttrice della scuola \u201cLa Pur\u00edsima para &#8230; <\/p>\n<p class=\"read-more-container\"><a title=\"L&#8217;inizio dell&#8217;opera d&#8217;arte MARIA\" class=\"read-more button\" href=\"https:\/\/santamariadellerose.art\/it\/la-statua\/prima-epifania-dell-opera-maria-1995\/#more-18004\" aria-label=\"More on L&#8217;inizio dell&#8217;opera d&#8217;arte MARIA\">Leggi tutto<\/a><\/p>\n","protected":false},"author":13,"featured_media":17085,"parent":12875,"menu_order":0,"comment_status":"closed","ping_status":"closed","template":"","meta":{"_acf_changed":false,"footnotes":""},"class_list":["post-18004","page","type-page","status-publish","has-post-thumbnail"],"acf":[],"yoast_head":"<!-- This site is optimized with the Yoast SEO plugin v24.3 - https:\/\/yoast.com\/wordpress\/plugins\/seo\/ -->\n<title>Prima Epifania - Mostra d\u2019Arte Sacra Contemporanea di Guido Dettoni della Grazia di Guido Dettoni della Grazia<\/title>\n<meta name=\"description\" content=\"L&#039;inizio dell&#039;opera MARIA di Guido Dettoni della Grazia, modellata in cera a Cholula, in Messico, nel 1995\" \/>\n<meta name=\"robots\" content=\"index, follow, max-snippet:-1, max-image-preview:large, max-video-preview:-1\" \/>\n<link rel=\"canonical\" href=\"https:\/\/santamariadellerose.art\/it\/la-statua\/prima-epifania-dell-opera-maria-1995\/\" \/>\n<meta property=\"og:locale\" content=\"it_IT\" \/>\n<meta property=\"og:type\" content=\"article\" \/>\n<meta property=\"og:title\" content=\"Prima Epifania - Mostra d\u2019Arte Sacra Contemporanea di Guido Dettoni della Grazia di Guido Dettoni della Grazia\" \/>\n<meta property=\"og:description\" content=\"L&#039;inizio dell&#039;opera MARIA di Guido Dettoni della Grazia, modellata in cera a Cholula, in Messico, nel 1995\" \/>\n<meta property=\"og:url\" content=\"https:\/\/santamariadellerose.art\/it\/la-statua\/prima-epifania-dell-opera-maria-1995\/\" \/>\n<meta property=\"og:site_name\" content=\"Mostra d\u2019Arte Sacra Contemporanea di Guido Dettoni della Grazia\" \/>\n<meta property=\"article:publisher\" content=\"https:\/\/www.facebook.com\/mostramaria\" \/>\n<meta property=\"article:modified_time\" content=\"2022-12-07T20:26:00+00:00\" \/>\n<meta property=\"og:image\" content=\"https:\/\/santamariadellerose.art\/wp-content\/uploads\/2022\/10\/maria-cholula-dettoni-1995-1.jpg\" \/>\n\t<meta property=\"og:image:width\" content=\"1080\" \/>\n\t<meta property=\"og:image:height\" content=\"1080\" \/>\n\t<meta property=\"og:image:type\" content=\"image\/jpeg\" \/>\n<meta name=\"twitter:card\" content=\"summary_large_image\" \/>\n<meta name=\"twitter:label1\" content=\"Tempo di lettura stimato\" \/>\n\t<meta name=\"twitter:data1\" content=\"4 minuti\" \/>\n<script type=\"application\/ld+json\" class=\"yoast-schema-graph\">{\"@context\":\"https:\/\/schema.org\",\"@graph\":[{\"@type\":\"WebPage\",\"@id\":\"https:\/\/santamariadellerose.art\/it\/la-statua\/prima-epifania-dell-opera-maria-1995\/\",\"url\":\"https:\/\/santamariadellerose.art\/it\/la-statua\/prima-epifania-dell-opera-maria-1995\/\",\"name\":\"Prima Epifania - Mostra d\u2019Arte Sacra Contemporanea di Guido Dettoni della Grazia di Guido Dettoni della Grazia\",\"isPartOf\":{\"@id\":\"https:\/\/santamariadellerose.art\/it\/#website\"},\"primaryImageOfPage\":{\"@id\":\"https:\/\/santamariadellerose.art\/it\/la-statua\/prima-epifania-dell-opera-maria-1995\/#primaryimage\"},\"image\":{\"@id\":\"https:\/\/santamariadellerose.art\/it\/la-statua\/prima-epifania-dell-opera-maria-1995\/#primaryimage\"},\"thumbnailUrl\":\"https:\/\/santamariadellerose.art\/wp-content\/uploads\/2022\/10\/maria-cholula-dettoni-1995-1.jpg\",\"datePublished\":\"2022-09-14T12:52:08+00:00\",\"dateModified\":\"2022-12-07T20:26:00+00:00\",\"description\":\"L'inizio dell'opera MARIA di Guido Dettoni della Grazia, modellata in cera a Cholula, in Messico, nel 1995\",\"breadcrumb\":{\"@id\":\"https:\/\/santamariadellerose.art\/it\/la-statua\/prima-epifania-dell-opera-maria-1995\/#breadcrumb\"},\"inLanguage\":\"it-IT\",\"potentialAction\":[{\"@type\":\"ReadAction\",\"target\":[\"https:\/\/santamariadellerose.art\/it\/la-statua\/prima-epifania-dell-opera-maria-1995\/\"]}]},{\"@type\":\"ImageObject\",\"inLanguage\":\"it-IT\",\"@id\":\"https:\/\/santamariadellerose.art\/it\/la-statua\/prima-epifania-dell-opera-maria-1995\/#primaryimage\",\"url\":\"https:\/\/santamariadellerose.art\/wp-content\/uploads\/2022\/10\/maria-cholula-dettoni-1995-1.jpg\",\"contentUrl\":\"https:\/\/santamariadellerose.art\/wp-content\/uploads\/2022\/10\/maria-cholula-dettoni-1995-1.jpg\",\"width\":1080,\"height\":1080},{\"@type\":\"BreadcrumbList\",\"@id\":\"https:\/\/santamariadellerose.art\/it\/la-statua\/prima-epifania-dell-opera-maria-1995\/#breadcrumb\",\"itemListElement\":[{\"@type\":\"ListItem\",\"position\":1,\"name\":\"HOME\",\"item\":\"https:\/\/santamariadellerose.art\/it\/\"},{\"@type\":\"ListItem\",\"position\":2,\"name\":\"La statua\",\"item\":\"https:\/\/santamariadellerose.art\/it\/?page_id=12874\"},{\"@type\":\"ListItem\",\"position\":3,\"name\":\"L&#8217;inizio dell&#8217;opera d&#8217;arte MARIA\"}]},{\"@type\":\"WebSite\",\"@id\":\"https:\/\/santamariadellerose.art\/it\/#website\",\"url\":\"https:\/\/santamariadellerose.art\/it\/\",\"name\":\"Contemporary Sacred Art Exhibition by Guido Dettoni della Grazia\",\"description\":\"Santa Maria delle Rose, Assisi\",\"publisher\":{\"@id\":\"https:\/\/santamariadellerose.art\/it\/#organization\"},\"alternateName\":\"by Guido Dettoni della Grazia\",\"potentialAction\":[{\"@type\":\"SearchAction\",\"target\":{\"@type\":\"EntryPoint\",\"urlTemplate\":\"https:\/\/santamariadellerose.art\/it\/?s={search_term_string}\"},\"query-input\":{\"@type\":\"PropertyValueSpecification\",\"valueRequired\":true,\"valueName\":\"search_term_string\"}}],\"inLanguage\":\"it-IT\"},{\"@type\":\"Organization\",\"@id\":\"https:\/\/santamariadellerose.art\/it\/#organization\",\"name\":\"Santa Maria delle Rose\",\"alternateName\":\"MARIA\",\"url\":\"https:\/\/santamariadellerose.art\/it\/\",\"logo\":{\"@type\":\"ImageObject\",\"inLanguage\":\"it-IT\",\"@id\":\"https:\/\/santamariadellerose.art\/it\/#\/schema\/logo\/image\/\",\"url\":\"https:\/\/santamariadellerose.art\/wp-content\/uploads\/2024\/07\/logo-mostra-gd-tr.png\",\"contentUrl\":\"https:\/\/santamariadellerose.art\/wp-content\/uploads\/2024\/07\/logo-mostra-gd-tr.png\",\"width\":1080,\"height\":222,\"caption\":\"Santa Maria delle Rose\"},\"image\":{\"@id\":\"https:\/\/santamariadellerose.art\/it\/#\/schema\/logo\/image\/\"},\"sameAs\":[\"https:\/\/www.facebook.com\/mostramaria\",\"https:\/\/www.instagram.com\/mariascultura\/\",\"https:\/\/www.youtube.com\/user\/nesherorg\",\"https:\/\/vimeo.com\/neshereditions\"]}]}<\/script>\n<!-- \/ Yoast SEO plugin. -->","yoast_head_json":{"title":"Prima Epifania - Mostra d\u2019Arte Sacra Contemporanea di Guido Dettoni della Grazia di Guido Dettoni della Grazia","description":"L'inizio dell'opera MARIA di Guido Dettoni della Grazia, modellata in cera a Cholula, in Messico, nel 1995","robots":{"index":"index","follow":"follow","max-snippet":"max-snippet:-1","max-image-preview":"max-image-preview:large","max-video-preview":"max-video-preview:-1"},"canonical":"https:\/\/santamariadellerose.art\/it\/la-statua\/prima-epifania-dell-opera-maria-1995\/","og_locale":"it_IT","og_type":"article","og_title":"Prima Epifania - Mostra d\u2019Arte Sacra Contemporanea di Guido Dettoni della Grazia di Guido Dettoni della Grazia","og_description":"L'inizio dell'opera MARIA di Guido Dettoni della Grazia, modellata in cera a Cholula, in Messico, nel 1995","og_url":"https:\/\/santamariadellerose.art\/it\/la-statua\/prima-epifania-dell-opera-maria-1995\/","og_site_name":"Mostra d\u2019Arte Sacra Contemporanea di Guido Dettoni della Grazia","article_publisher":"https:\/\/www.facebook.com\/mostramaria","article_modified_time":"2022-12-07T20:26:00+00:00","og_image":[{"width":1080,"height":1080,"url":"https:\/\/santamariadellerose.art\/wp-content\/uploads\/2022\/10\/maria-cholula-dettoni-1995-1.jpg","type":"image\/jpeg"}],"twitter_card":"summary_large_image","twitter_misc":{"Tempo di lettura stimato":"4 minuti"},"schema":{"@context":"https:\/\/schema.org","@graph":[{"@type":"WebPage","@id":"https:\/\/santamariadellerose.art\/it\/la-statua\/prima-epifania-dell-opera-maria-1995\/","url":"https:\/\/santamariadellerose.art\/it\/la-statua\/prima-epifania-dell-opera-maria-1995\/","name":"Prima Epifania - Mostra d\u2019Arte Sacra Contemporanea di Guido Dettoni della Grazia di Guido Dettoni della Grazia","isPartOf":{"@id":"https:\/\/santamariadellerose.art\/it\/#website"},"primaryImageOfPage":{"@id":"https:\/\/santamariadellerose.art\/it\/la-statua\/prima-epifania-dell-opera-maria-1995\/#primaryimage"},"image":{"@id":"https:\/\/santamariadellerose.art\/it\/la-statua\/prima-epifania-dell-opera-maria-1995\/#primaryimage"},"thumbnailUrl":"https:\/\/santamariadellerose.art\/wp-content\/uploads\/2022\/10\/maria-cholula-dettoni-1995-1.jpg","datePublished":"2022-09-14T12:52:08+00:00","dateModified":"2022-12-07T20:26:00+00:00","description":"L'inizio dell'opera MARIA di Guido Dettoni della Grazia, modellata in cera a Cholula, in Messico, nel 1995","breadcrumb":{"@id":"https:\/\/santamariadellerose.art\/it\/la-statua\/prima-epifania-dell-opera-maria-1995\/#breadcrumb"},"inLanguage":"it-IT","potentialAction":[{"@type":"ReadAction","target":["https:\/\/santamariadellerose.art\/it\/la-statua\/prima-epifania-dell-opera-maria-1995\/"]}]},{"@type":"ImageObject","inLanguage":"it-IT","@id":"https:\/\/santamariadellerose.art\/it\/la-statua\/prima-epifania-dell-opera-maria-1995\/#primaryimage","url":"https:\/\/santamariadellerose.art\/wp-content\/uploads\/2022\/10\/maria-cholula-dettoni-1995-1.jpg","contentUrl":"https:\/\/santamariadellerose.art\/wp-content\/uploads\/2022\/10\/maria-cholula-dettoni-1995-1.jpg","width":1080,"height":1080},{"@type":"BreadcrumbList","@id":"https:\/\/santamariadellerose.art\/it\/la-statua\/prima-epifania-dell-opera-maria-1995\/#breadcrumb","itemListElement":[{"@type":"ListItem","position":1,"name":"HOME","item":"https:\/\/santamariadellerose.art\/it\/"},{"@type":"ListItem","position":2,"name":"La statua","item":"https:\/\/santamariadellerose.art\/it\/?page_id=12874"},{"@type":"ListItem","position":3,"name":"L&#8217;inizio dell&#8217;opera d&#8217;arte MARIA"}]},{"@type":"WebSite","@id":"https:\/\/santamariadellerose.art\/it\/#website","url":"https:\/\/santamariadellerose.art\/it\/","name":"Contemporary Sacred Art Exhibition by Guido Dettoni della Grazia","description":"Santa Maria delle Rose, Assisi","publisher":{"@id":"https:\/\/santamariadellerose.art\/it\/#organization"},"alternateName":"by Guido Dettoni della Grazia","potentialAction":[{"@type":"SearchAction","target":{"@type":"EntryPoint","urlTemplate":"https:\/\/santamariadellerose.art\/it\/?s={search_term_string}"},"query-input":{"@type":"PropertyValueSpecification","valueRequired":true,"valueName":"search_term_string"}}],"inLanguage":"it-IT"},{"@type":"Organization","@id":"https:\/\/santamariadellerose.art\/it\/#organization","name":"Santa Maria delle Rose","alternateName":"MARIA","url":"https:\/\/santamariadellerose.art\/it\/","logo":{"@type":"ImageObject","inLanguage":"it-IT","@id":"https:\/\/santamariadellerose.art\/it\/#\/schema\/logo\/image\/","url":"https:\/\/santamariadellerose.art\/wp-content\/uploads\/2024\/07\/logo-mostra-gd-tr.png","contentUrl":"https:\/\/santamariadellerose.art\/wp-content\/uploads\/2024\/07\/logo-mostra-gd-tr.png","width":1080,"height":222,"caption":"Santa Maria delle Rose"},"image":{"@id":"https:\/\/santamariadellerose.art\/it\/#\/schema\/logo\/image\/"},"sameAs":["https:\/\/www.facebook.com\/mostramaria","https:\/\/www.instagram.com\/mariascultura\/","https:\/\/www.youtube.com\/user\/nesherorg","https:\/\/vimeo.com\/neshereditions"]}]}},"_links":{"self":[{"href":"https:\/\/santamariadellerose.art\/it\/wp-json\/wp\/v2\/pages\/18004","targetHints":{"allow":["GET"]}}],"collection":[{"href":"https:\/\/santamariadellerose.art\/it\/wp-json\/wp\/v2\/pages"}],"about":[{"href":"https:\/\/santamariadellerose.art\/it\/wp-json\/wp\/v2\/types\/page"}],"author":[{"embeddable":true,"href":"https:\/\/santamariadellerose.art\/it\/wp-json\/wp\/v2\/users\/13"}],"replies":[{"embeddable":true,"href":"https:\/\/santamariadellerose.art\/it\/wp-json\/wp\/v2\/comments?post=18004"}],"version-history":[{"count":6,"href":"https:\/\/santamariadellerose.art\/it\/wp-json\/wp\/v2\/pages\/18004\/revisions"}],"predecessor-version":[{"id":18028,"href":"https:\/\/santamariadellerose.art\/it\/wp-json\/wp\/v2\/pages\/18004\/revisions\/18028"}],"up":[{"embeddable":true,"href":"https:\/\/santamariadellerose.art\/it\/wp-json\/wp\/v2\/pages\/12875"}],"wp:featuredmedia":[{"embeddable":true,"href":"https:\/\/santamariadellerose.art\/it\/wp-json\/wp\/v2\/media\/17085"}],"wp:attachment":[{"href":"https:\/\/santamariadellerose.art\/it\/wp-json\/wp\/v2\/media?parent=18004"}],"curies":[{"name":"wp","href":"https:\/\/api.w.org\/{rel}","templated":true}]}}